{"id":304,"date":"2021-01-11T14:55:18","date_gmt":"2021-01-11T14:55:18","guid":{"rendered":"https:\/\/tothannamariarita.com\/?page_id=304"},"modified":"2022-01-27T21:07:13","modified_gmt":"2022-01-27T21:07:13","slug":"kert-sorozat","status":"publish","type":"page","link":"https:\/\/tothannamariarita.com\/en\/kert-sorozat\/","title":{"rendered":"Garden series"},"content":{"rendered":"<p>[et_pb_section fb_built=&#8221;1&#8243; _builder_version=&#8221;4.7.7&#8243; _module_preset=&#8221;default&#8221; custom_padding=&#8221;62px|||||&#8221;][et_pb_row _builder_version=&#8221;4.7.7&#8243; _module_preset=&#8221;default&#8221;][et_pb_column type=&#8221;4_4&#8243; _builder_version=&#8221;4.7.7&#8243; _module_preset=&#8221;default&#8221;][et_pb_button button_url=&#8221;https:\/\/tothannamariarita.com\/festmenyek\/&#8221; button_text=&#8221;Vissza&#8221; _builder_version=&#8221;4.7.7&#8243; _module_preset=&#8221;default&#8221; custom_button=&#8221;on&#8221; button_text_size=&#8221;22px&#8221; button_text_color=&#8221;#000000&#8243; button_bg_color=&#8221;#ffffff&#8221; button_border_width=&#8221;1px&#8221; button_border_color=&#8221;#000000&#8243; button_border_radius=&#8221;50px&#8221; button_letter_spacing=&#8221;0px&#8221; button_font=&#8221;Abhaya Libre||||||||&#8221; button_icon=&#8221;%%2%%&#8221; custom_margin=&#8221;||0px|||&#8221; custom_padding=&#8221;7px|||||&#8221; button_font_tablet=&#8221;&#8221; button_font_phone=&#8221;&#8221; button_font_last_edited=&#8221;on|desktop&#8221;][\/et_pb_button][et_pb_text _builder_version=&#8221;4.7.7&#8243; _module_preset=&#8221;default&#8221; hover_enabled=&#8221;0&#8243; inline_fonts=&#8221;Abhaya Libre&#8221; sticky_enabled=&#8221;0&#8243;]<\/p>\n<p style=\"text-align: center;\"><span style=\"font-size: xx-large; font-weight: normal;\">Kert sorozat<\/span><\/p>\n<p style=\"text-align: justify;\">\u00a0A sorozat f\u0151 inspir\u00e1l\u00f3 forr\u00e1sa saj\u00e1t kert\u00fcnk, mely az ember szem\u00e9lyes, intim k\u00f6zege \u00e9s egyben maga a term\u00e9szet &#8211; z\u00e1rt \u00e9s m\u00e9gis nyitott. M\u0171vel\u0151je a term\u00e9szet \u00e9p\u00edt\u0151 \u00e9s bont\u00f3 er\u0151ivel, \u00e9s saj\u00e1t mag\u00e1val is szembes\u00fcl: l\u00e9t\u00e9vel, gondolataival.<\/p>\n<p style=\"text-align: justify;\">A t\u00e9ma alapja egy gyerekkori komplex helyzetb\u0151l \u00e9s annak meg\u00e9l\u00e9s\u00e9b\u0151l indult ki. Egy olyan t\u00e9rben n\u0151ttem fel, mely egyszerre biztos\u00edtott lehet\u0151s\u00e9get szeml\u00e9l\u0151d\u00e9sre, a term\u00e9szet \u00e1ltalunk ir\u00e1ny\u00edthatatlan m\u0171k\u00f6d\u00e9s\u00e9nek megfigyel\u00e9s\u00e9re \u00e9s a saj\u00e1t \u00e9letter\u00fcnk intimit\u00e1s\u00e1nak meg\u00e9l\u00e9s\u00e9re. Z\u00e1rt de m\u00e9gis nagyon nyitott t\u00e9r volt ez, mely saj\u00e1t szab\u00e1lyokkal rendelkezik, m\u00e9gis belekapcsol\u00f3dik egy sokkal nagyobb eg\u00e9szbe, egyetemes k\u00f6rforg\u00e1sba. Kicsi \u00e9s nagy \u00f6sszef\u00fcgg\u00e9sek keres\u00e9se, egym\u00e1sba alakul\u00f3 form\u00e1k \u00e9s a term\u00e9szet v\u00e1ltoz\u00e1sainak \u00e9rz\u00e9kel\u00e9se, a t\u00e9rben \u201ebenne lenni\u201d \u00e9lm\u00e9nye meghat\u00e1roz\u00f3 sz\u00e1momra. Ezek a tapasztalatok &#8211; \u00e9s ezek kapcsolata a mai \u00e9lettel &#8211; adtak alapot ennek a sorozatnak, tov\u00e1bbi p\u00e1rhuzamos munk\u00e1k mellett, melyek szint\u00e9n az id\u0151 \u00e9s t\u00e9r r\u00e9tegz\u0151d\u00e9sivel, a term\u00e9szettel \u00e9s az anyaggal foglalkoznak.<\/p>\n<p style=\"text-align: justify;\">K\u00e9peim az absztrakci\u00f3 \u00e9s a figuralit\u00e1s hat\u00e1r\u00e1n egyens\u00falyoznak. Egyszerre b\u00edr jelent\u0151s\u00e9ggel az anyaggal val\u00f3 k\u00fczdelem, az expresszivit\u00e1s \u00e9s az ill\u00e9kony, \u00e9rz\u00e9keny min\u0151s\u00e9gek. A jelenl\u00e9t \u00e9s a megfoghatatlan \u00e9rzetek \u00e9s k\u00f6t\u0151d\u00e9sek kett\u0151ss\u00e9ge foglalkoztat.<\/p>\n<p style=\"text-align: justify;\">Egy olyan korban, amikor egyre kev\u00e9sb\u00e9 van lehet\u0151s\u00e9g\u00fcnk meg\u00e1llni \u00e9s k\u00f6rbe n\u00e9zni magunk k\u00f6r\u00fcl, \u00fagy gondolom, fel\u00e9rt\u00e9kel\u0151dik a jelenl\u00e9t, elm\u00e9ly\u00fcl\u00e9s \u00e9s szeml\u00e9l\u0151d\u00e9s tapasztalata.<\/p>\n<p>[\/et_pb_text][\/et_pb_column][\/et_pb_row][et_pb_row _builder_version=&#8221;4.7.7&#8243; _module_preset=&#8221;default&#8221; width=&#8221;97%&#8221; max_width=&#8221;2560px&#8221;][et_pb_column type=&#8221;4_4&#8243; _builder_version=&#8221;4.7.7&#8243; _module_preset=&#8221;default&#8221;][el_masonry_gallery image_ids=&#8221;1491,1488,1489,131,1490,1495,130,1493,134,135,138,153,128,145,147,152,151,146,127,140,133,1492,132,1494,143,139,137,141,142,149,148,144,150&#8243; column_spacing=&#8221;20px&#8221; image_size=&#8221;full&#8221; show_title=&#8221;on&#8221; title_area=&#8221;both&#8221; show_caption=&#8221;on&#8221; caption_area=&#8221;both&#8221; enable_lightbox=&#8221;on&#8221; lightbox_title_and_caption_style=&#8221;below_image&#8221; enable_overlay=&#8221;on&#8221; overlay_icon=&#8221;%%43%%&#8221; meta_background_color=&#8221;#d6d6d6&#8243; lightbox_close_icon_color=&#8221;#ffffff&#8221; lightbox_arrows_color=&#8221;#ffffff&#8221; overlay_icon_color=&#8221;#ffffff&#8221; overlay_color=&#8221;rgba(255,255,255,0.42)&#8221; _builder_version=&#8221;4.7.7&#8243; _module_preset=&#8221;default&#8221; title_font=&#8221;Abhaya Libre|600|||||||&#8221; title_text_align=&#8221;center&#8221; title_text_color=&#8221;#000000&#8243; title_font_size=&#8221;25px&#8221; caption_font=&#8221;Abhaya Libre||||||||&#8221; caption_text_align=&#8221;center&#8221; caption_text_color=&#8221;#000000&#8243; caption_font_size=&#8221;20px&#8221; category_font=&#8221;Abhaya Libre|600|||||||&#8221; category_text_color=&#8221;#ffffff&#8221; category_font_size=&#8221;20px&#8221;][\/el_masonry_gallery][\/et_pb_column][\/et_pb_row][\/et_pb_section]<\/p>\n","protected":false},"excerpt":{"rendered":"<p>Kert sorozat \u00a0A sorozat f\u0151 inspir\u00e1l\u00f3 forr\u00e1sa saj\u00e1t kert\u00fcnk, mely az ember szem\u00e9lyes, intim k\u00f6zege \u00e9s egyben maga a term\u00e9szet &#8211; z\u00e1rt \u00e9s m\u00e9gis nyitott. M\u0171vel\u0151je a term\u00e9szet \u00e9p\u00edt\u0151 \u00e9s bont\u00f3 er\u0151ivel, \u00e9s saj\u00e1t mag\u00e1val is szembes\u00fcl: l\u00e9t\u00e9vel, gondolataival. A t\u00e9ma alapja egy gyerekkori komplex helyzetb\u0151l \u00e9s annak meg\u00e9l\u00e9s\u00e9b\u0151l indult ki. Egy olyan t\u00e9rben n\u0151ttem [&hellip;]<\/p>\n","protected":false},"author":1,"featured_media":0,"parent":0,"menu_order":0,"comment_status":"closed","ping_status":"closed","template":"","meta":{"_et_pb_use_builder":"on","_et_pb_old_content":"","_et_gb_content_width":"","footnotes":""},"class_list":["post-304","page","type-page","status-publish","hentry"],"_links":{"self":[{"href":"https:\/\/tothannamariarita.com\/en\/wp-json\/wp\/v2\/pages\/304","targetHints":{"allow":["GET"]}}],"collection":[{"href":"https:\/\/tothannamariarita.com\/en\/wp-json\/wp\/v2\/pages"}],"about":[{"href":"https:\/\/tothannamariarita.com\/en\/wp-json\/wp\/v2\/types\/page"}],"author":[{"embeddable":true,"href":"https:\/\/tothannamariarita.com\/en\/wp-json\/wp\/v2\/users\/1"}],"replies":[{"embeddable":true,"href":"https:\/\/tothannamariarita.com\/en\/wp-json\/wp\/v2\/comments?post=304"}],"version-history":[{"count":45,"href":"https:\/\/tothannamariarita.com\/en\/wp-json\/wp\/v2\/pages\/304\/revisions"}],"predecessor-version":[{"id":1554,"href":"https:\/\/tothannamariarita.com\/en\/wp-json\/wp\/v2\/pages\/304\/revisions\/1554"}],"wp:attachment":[{"href":"https:\/\/tothannamariarita.com\/en\/wp-json\/wp\/v2\/media?parent=304"}],"curies":[{"name":"wp","href":"https:\/\/api.w.org\/{rel}","templated":true}]}}