{"id":223,"date":"2021-01-09T13:16:03","date_gmt":"2021-01-09T13:16:03","guid":{"rendered":"https:\/\/tothannamariarita.com\/?page_id=223"},"modified":"2022-02-11T22:41:10","modified_gmt":"2022-02-11T22:41:10","slug":"hirek","status":"publish","type":"page","link":"https:\/\/tothannamariarita.com\/en\/hirek\/","title":{"rendered":"News"},"content":{"rendered":"<p>[et_pb_section fb_built=&#8221;1&#8243; _builder_version=&#8221;4.7.7&#8243; _module_preset=&#8221;default&#8221; custom_padding=&#8221;||0px|||&#8221;][et_pb_row _builder_version=&#8221;4.7.7&#8243; _module_preset=&#8221;default&#8221; width=&#8221;50%&#8221; width_tablet=&#8221;90%&#8221; width_phone=&#8221;90%&#8221; width_last_edited=&#8221;on|phone&#8221; max_width_tablet=&#8221;&#8221; max_width_phone=&#8221;&#8221; max_width_last_edited=&#8221;on|phone&#8221; module_alignment_tablet=&#8221;&#8221; module_alignment_phone=&#8221;&#8221; module_alignment_last_edited=&#8221;on|phone&#8221;][et_pb_column type=&#8221;4_4&#8243; _builder_version=&#8221;4.7.7&#8243; _module_preset=&#8221;default&#8221;][et_pb_text _builder_version=&#8221;4.7.7&#8243; _module_preset=&#8221;default&#8221; text_font_size=&#8221;28px&#8221; custom_margin=&#8221;||-4px|||&#8221; custom_padding=&#8221;||0px|||&#8221; hover_enabled=&#8221;0&#8243; inline_fonts=&#8221;Abhaya Libre&#8221; sticky_enabled=&#8221;0&#8243;]<\/p>\n<p style=\"text-align: center;\"><u>Sebezhet\u0151s\u00e9gi Gyakorlatok t\u00e1rlatvezet\u00e9s<\/u><\/p>\n<p style=\"text-align: center;\">F\u0170Z art group, 1111 Gal\u00e9ria, 2022. janu\u00e1r\u00a0<\/p>\n<p style=\"text-align: center;\">\n[\/et_pb_text][et_pb_gallery gallery_ids=&#8221;1666,1667,1668,1647&#8243; fullwidth=&#8221;on&#8221; hover_icon=&#8221;%%43%%&#8221; _builder_version=&#8221;4.7.7&#8243; _module_preset=&#8221;default&#8221; custom_margin=&#8221;|1px||||&#8221; custom_padding=&#8221;|82px||82px||true&#8221; hover_enabled=&#8221;0&#8243; sticky_enabled=&#8221;0&#8243;][\/et_pb_gallery][et_pb_text _builder_version=&#8221;4.7.7&#8243; _module_preset=&#8221;default&#8221; link_option_url_new_window=&#8221;on&#8221; hover_enabled=&#8221;0&#8243; sticky_enabled=&#8221;0&#8243;][\/et_pb_text][\/et_pb_column][\/et_pb_row][et_pb_row _builder_version=&#8221;4.7.7&#8243; _module_preset=&#8221;default&#8221;][et_pb_column type=&#8221;4_4&#8243; _builder_version=&#8221;4.7.7&#8243; _module_preset=&#8221;default&#8221;][et_pb_divider _builder_version=&#8221;4.7.7&#8243; _module_preset=&#8221;default&#8221;][\/et_pb_divider][\/et_pb_column][\/et_pb_row][et_pb_row _builder_version=&#8221;4.7.7&#8243; _module_preset=&#8221;default&#8221; width=&#8221;50%&#8221; width_tablet=&#8221;90%&#8221; width_phone=&#8221;90%&#8221; width_last_edited=&#8221;on|phone&#8221; max_width_tablet=&#8221;&#8221; max_width_phone=&#8221;&#8221; max_width_last_edited=&#8221;on|phone&#8221; module_alignment_tablet=&#8221;&#8221; module_alignment_phone=&#8221;&#8221; module_alignment_last_edited=&#8221;on|phone&#8221;][et_pb_column type=&#8221;4_4&#8243; _builder_version=&#8221;4.7.7&#8243; _module_preset=&#8221;default&#8221;][et_pb_text _builder_version=&#8221;4.7.7&#8243; _module_preset=&#8221;default&#8221; text_font_size=&#8221;28px&#8221; custom_margin=&#8221;||-4px|||&#8221; custom_padding=&#8221;||0px|||&#8221; hover_enabled=&#8221;0&#8243; inline_fonts=&#8221;Abhaya Libre&#8221; sticky_enabled=&#8221;0&#8243;]<\/p>\n<p style=\"text-align: center;\"><u>Sebezhet\u0151s\u00e9gi Gyakorlatok<\/u><\/p>\n<p style=\"text-align: center;\">A F\u0170Z art group bemutatkoz\u00f3 ki\u00e1ll\u00edt\u00e1sa, 1111 Gal\u00e9ria, 2022. janu\u00e1r 7-22.<\/p>\n<p style=\"text-align: center;\">\n[\/et_pb_text][et_pb_gallery gallery_ids=&#8221;1647&#8243; fullwidth=&#8221;on&#8221; hover_icon=&#8221;%%43%%&#8221; _builder_version=&#8221;4.7.7&#8243; _module_preset=&#8221;default&#8221; custom_margin=&#8221;|1px||||&#8221; custom_padding=&#8221;|223px||223px||true&#8221; hover_enabled=&#8221;0&#8243; sticky_enabled=&#8221;0&#8243;][\/et_pb_gallery][et_pb_text _builder_version=&#8221;4.7.7&#8243; _module_preset=&#8221;default&#8221; link_option_url_new_window=&#8221;on&#8221; hover_enabled=&#8221;0&#8243; sticky_enabled=&#8221;0&#8243;][\/et_pb_text][\/et_pb_column][\/et_pb_row][et_pb_row _builder_version=&#8221;4.7.7&#8243; _module_preset=&#8221;default&#8221;][et_pb_column type=&#8221;4_4&#8243; _builder_version=&#8221;4.7.7&#8243; _module_preset=&#8221;default&#8221;][et_pb_divider _builder_version=&#8221;4.7.7&#8243; _module_preset=&#8221;default&#8221;][\/et_pb_divider][\/et_pb_column][\/et_pb_row][et_pb_row _builder_version=&#8221;4.7.7&#8243; _module_preset=&#8221;default&#8221; width=&#8221;50%&#8221; width_tablet=&#8221;90%&#8221; width_phone=&#8221;90%&#8221; width_last_edited=&#8221;on|phone&#8221; max_width_tablet=&#8221;&#8221; max_width_phone=&#8221;&#8221; max_width_last_edited=&#8221;on|phone&#8221; module_alignment_tablet=&#8221;&#8221; module_alignment_phone=&#8221;&#8221; module_alignment_last_edited=&#8221;on|phone&#8221;][et_pb_column type=&#8221;4_4&#8243; _builder_version=&#8221;4.7.7&#8243; _module_preset=&#8221;default&#8221;][et_pb_text _builder_version=&#8221;4.7.7&#8243; _module_preset=&#8221;default&#8221; text_font_size=&#8221;28px&#8221; custom_margin=&#8221;||-4px|||&#8221; custom_padding=&#8221;||0px|||&#8221; hover_enabled=&#8221;0&#8243; inline_fonts=&#8221;Abhaya Libre&#8221; sticky_enabled=&#8221;0&#8243;]<\/p>\n<p style=\"text-align: center;\"><u>F\u0170Z art group<\/u><\/p>\n<p style=\"text-align: center;\">\n[\/et_pb_text][et_pb_gallery gallery_ids=&#8221;1654&#8243; fullwidth=&#8221;on&#8221; hover_icon=&#8221;%%43%%&#8221; _builder_version=&#8221;4.7.7&#8243; _module_preset=&#8221;default&#8221; custom_margin=&#8221;|1px||||&#8221; custom_padding=&#8221;|211px||211px||true&#8221; hover_enabled=&#8221;0&#8243; sticky_enabled=&#8221;0&#8243;][\/et_pb_gallery][et_pb_text _builder_version=&#8221;4.7.7&#8243; _module_preset=&#8221;default&#8221; link_option_url_new_window=&#8221;on&#8221; hover_enabled=&#8221;0&#8243; sticky_enabled=&#8221;0&#8243;][\/et_pb_text][\/et_pb_column][\/et_pb_row][et_pb_row _builder_version=&#8221;4.7.7&#8243; _module_preset=&#8221;default&#8221;][et_pb_column type=&#8221;4_4&#8243; _builder_version=&#8221;4.7.7&#8243; _module_preset=&#8221;default&#8221;][et_pb_divider _builder_version=&#8221;4.7.7&#8243; _module_preset=&#8221;default&#8221;][\/et_pb_divider][\/et_pb_column][\/et_pb_row][et_pb_row _builder_version=&#8221;4.7.7&#8243; _module_preset=&#8221;default&#8221; width=&#8221;50%&#8221; width_tablet=&#8221;90%&#8221; width_phone=&#8221;90%&#8221; width_last_edited=&#8221;on|phone&#8221; max_width_tablet=&#8221;&#8221; max_width_phone=&#8221;&#8221; max_width_last_edited=&#8221;on|phone&#8221; module_alignment_tablet=&#8221;&#8221; module_alignment_phone=&#8221;&#8221; module_alignment_last_edited=&#8221;on|phone&#8221;][et_pb_column type=&#8221;4_4&#8243; _builder_version=&#8221;4.7.7&#8243; _module_preset=&#8221;default&#8221;][et_pb_text _builder_version=&#8221;4.7.7&#8243; _module_preset=&#8221;default&#8221; text_font_size=&#8221;28px&#8221; custom_margin=&#8221;||-4px|||&#8221; custom_padding=&#8221;||0px|||&#8221; hover_enabled=&#8221;0&#8243; inline_fonts=&#8221;Abhaya Libre&#8221; sticky_enabled=&#8221;0&#8243;]<\/p>\n<p style=\"text-align: center;\"><u>Felfedez\u0151k 4.0 t\u00e1rlatvezet\u00e9s<\/u><\/p>\n<p style=\"text-align: center;\">Budapest Art Mentor, 2021. november<\/p>\n<p style=\"text-align: center;\">\n[\/et_pb_text][et_pb_gallery gallery_ids=&#8221;1659,1657,1658&#8243; fullwidth=&#8221;on&#8221; hover_icon=&#8221;%%43%%&#8221; _builder_version=&#8221;4.7.7&#8243; _module_preset=&#8221;default&#8221; custom_margin=&#8221;|1px||||&#8221; custom_padding=&#8221;|49px||49px||true&#8221; hover_enabled=&#8221;0&#8243; sticky_enabled=&#8221;0&#8243;][\/et_pb_gallery][et_pb_text _builder_version=&#8221;4.7.7&#8243; _module_preset=&#8221;default&#8221; link_option_url_new_window=&#8221;on&#8221; hover_enabled=&#8221;0&#8243; sticky_enabled=&#8221;0&#8243;]<\/p>\n<p style=\"text-align: justify;\">\n<p>&nbsp;<\/p>\n<p>[\/et_pb_text][\/et_pb_column][\/et_pb_row][et_pb_row _builder_version=&#8221;4.7.7&#8243; _module_preset=&#8221;default&#8221;][et_pb_column type=&#8221;4_4&#8243; _builder_version=&#8221;4.7.7&#8243; _module_preset=&#8221;default&#8221;][et_pb_divider _builder_version=&#8221;4.7.7&#8243; _module_preset=&#8221;default&#8221;][\/et_pb_divider][\/et_pb_column][\/et_pb_row][et_pb_row _builder_version=&#8221;4.7.7&#8243; _module_preset=&#8221;default&#8221; width=&#8221;50%&#8221; width_tablet=&#8221;90%&#8221; width_phone=&#8221;90%&#8221; width_last_edited=&#8221;on|phone&#8221; max_width_tablet=&#8221;&#8221; max_width_phone=&#8221;&#8221; max_width_last_edited=&#8221;on|phone&#8221; module_alignment_tablet=&#8221;&#8221; module_alignment_phone=&#8221;&#8221; module_alignment_last_edited=&#8221;on|phone&#8221;][et_pb_column type=&#8221;4_4&#8243; _builder_version=&#8221;4.7.7&#8243; _module_preset=&#8221;default&#8221;][et_pb_text _builder_version=&#8221;4.7.7&#8243; _module_preset=&#8221;default&#8221; text_font_size=&#8221;28px&#8221; custom_margin=&#8221;||-4px|||&#8221; custom_padding=&#8221;||0px|||&#8221; hover_enabled=&#8221;0&#8243; inline_fonts=&#8221;Abhaya Libre&#8221; sticky_enabled=&#8221;0&#8243;]<\/p>\n<p style=\"text-align: center;\"><u>Felfedez\u0151k 4.0<\/u><\/p>\n<p style=\"text-align: center;\">Budapest Art Mentor, 2021.09.29. &#8211; 11.30.<\/p>\n<p style=\"text-align: center;\">\n[\/et_pb_text][et_pb_gallery gallery_ids=&#8221;1644&#8243; fullwidth=&#8221;on&#8221; hover_icon=&#8221;%%43%%&#8221; _builder_version=&#8221;4.7.7&#8243; _module_preset=&#8221;default&#8221; custom_margin=&#8221;|1px||||&#8221; custom_padding=&#8221;|49px||49px||true&#8221; hover_enabled=&#8221;0&#8243; sticky_enabled=&#8221;0&#8243;][\/et_pb_gallery][et_pb_text _builder_version=&#8221;4.7.7&#8243; _module_preset=&#8221;default&#8221; link_option_url_new_window=&#8221;on&#8221; hover_enabled=&#8221;0&#8243; sticky_enabled=&#8221;0&#8243;]<\/p>\n<p style=\"text-align: justify;\">Felfedez\u0151k 4.0, a <a href=\"https:\/\/budapestartmentor.hu\/\" target=\"_blank\" rel=\"noopener noreferrer\"><span style=\"text-decoration: underline;\">Budapest Art Mentor Program<\/span><\/a> <a href=\"https:\/\/budapestartmentor.hu\/mentoraltak\/mentoraltak-2020-21\/\" target=\"_blank\" rel=\"noopener noreferrer\"><span style=\"text-decoration: underline;\">2020\/21-es \u00e9vfolyam\u00e1nak<\/span><\/a> z\u00e1r\u00f3 ki\u00e1ll\u00edt\u00e1sa. Megtekinthet\u0151 2021 szeptember 29- november 30-ig a <a href=\"https:\/\/www.kepezo.hu\/felfedezok\/\" target=\"_blank\" rel=\"noopener noreferrer\"><span style=\"text-decoration: underline;\">K\u00e9pez\u0151 K\u00f6z\u00f6ss\u00e9gi T\u00e9r<\/span><\/a>ben. Tov\u00e1bbi inform\u00e1ci\u00f3 olvashat\u00f3 a <a href=\"https:\/\/budapestartmentor.hu\/2021\/09\/10\/felfedezok-4-0-a-budapest-art-mentor-kiallitasa\/\" target=\"_blank\" rel=\"noopener noreferrer\"><span style=\"text-decoration: underline;\">Budapest Art Mentor<\/span><\/a>, a <a href=\"https:\/\/budapestioszifesztival.hu\/esemeny\/felfedezok-4-0-almaink\/\" target=\"_blank\" rel=\"noopener noreferrer\"><span style=\"text-decoration: underline;\">Budapesti \u0150szi Fesztiv\u00e1l<\/span><\/a>, a <a href=\"https:\/\/fidelio.hu\/vizual\/uj-muveszeti-kozossegi-ter-nyilt-buda-sziveben-166189.html\" target=\"_blank\" rel=\"noopener noreferrer\"><span style=\"text-decoration: underline;\">Fidelio<\/span><\/a> \u00e9s a <span style=\"text-decoration: underline;\"><a href=\"https:\/\/welovebudapest.com\/cikk\/2021\/10\/11\/latnivalok-es-kultura-megnyitott-a-margit-negyed-elso-kulturalis-helyszine-megneztuk-a-kepezot\" target=\"_blank\" rel=\"noopener noreferrer\">We love Budapest<\/a><\/span> oldal\u00e1n.<\/p>\n<p>&nbsp;<\/p>\n<p>[\/et_pb_text][\/et_pb_column][\/et_pb_row][et_pb_row _builder_version=&#8221;4.7.7&#8243; _module_preset=&#8221;default&#8221;][et_pb_column type=&#8221;4_4&#8243; _builder_version=&#8221;4.7.7&#8243; _module_preset=&#8221;default&#8221;][et_pb_divider _builder_version=&#8221;4.7.7&#8243; _module_preset=&#8221;default&#8221;][\/et_pb_divider][\/et_pb_column][\/et_pb_row][et_pb_row _builder_version=&#8221;4.7.7&#8243; _module_preset=&#8221;default&#8221; width=&#8221;50%&#8221; width_tablet=&#8221;90%&#8221; width_phone=&#8221;90%&#8221; width_last_edited=&#8221;on|phone&#8221; max_width_tablet=&#8221;&#8221; max_width_phone=&#8221;&#8221; max_width_last_edited=&#8221;on|phone&#8221; module_alignment_tablet=&#8221;&#8221; module_alignment_phone=&#8221;&#8221; module_alignment_last_edited=&#8221;on|phone&#8221;][et_pb_column type=&#8221;4_4&#8243; _builder_version=&#8221;4.7.7&#8243; _module_preset=&#8221;default&#8221;][et_pb_text _builder_version=&#8221;4.7.7&#8243; _module_preset=&#8221;default&#8221; text_font_size=&#8221;28px&#8221; custom_margin=&#8221;||-4px|||&#8221; custom_padding=&#8221;||0px|||&#8221; inline_fonts=&#8221;Abhaya Libre&#8221;]<\/p>\n<p style=\"text-align: center;\"><u>K\u00f6z\u00f6s &#8211; T\u00e9r &#8211; K\u00e9p<\/u><\/p>\n<p style=\"text-align: center;\">BBB Eleven \u0150sz, 2021. szeptember<\/p>\n<p style=\"text-align: center;\">[\/et_pb_text][et_pb_gallery gallery_ids=&#8221;1601,1613,1612,1609,1610,1607,1614,1604,1600,1602,1611,1603,1605,1606,1599,1635&#8243; fullwidth=&#8221;on&#8221; hover_icon=&#8221;%%43%%&#8221; _builder_version=&#8221;4.7.7&#8243; _module_preset=&#8221;default&#8221; custom_margin=&#8221;|1px||||&#8221; custom_padding=&#8221;|211px||211px||true&#8221;][\/et_pb_gallery][et_pb_text _builder_version=&#8221;4.7.7&#8243; _module_preset=&#8221;default&#8221; link_option_url_new_window=&#8221;on&#8221;]<\/p>\n<p style=\"text-align: justify;\">2021. szeptemberben is megrendez\u00e9sre ker\u00fclt a<span style=\"text-decoration: underline;\"> <a href=\"https:\/\/ujbuda.hu\/tags\/eleven-osz\" target=\"_blank\" rel=\"noopener noreferrer\">BBB Eleven \u0150sz fesztiv\u00e1l<\/a> <\/span>a Bart\u00f3k B\u00e9la Boulevard szervez\u00e9s\u00e9ben Budapesten. A rendezv\u00e9ny idej\u00e9re K\u00f6z\u00f6s-T\u00e9r-K\u00e9p c\u00edmmel<span style=\"text-decoration: underline;\"> <a href=\"https:\/\/www.bartokbelaboulevard.hu\/program.1770.1_muvesz_1_porta_kiallitasok_az_eleven_osz_idejen\" target=\"_blank\" rel=\"noopener noreferrer\">k\u00fclt\u00e9ri install\u00e1ci\u00f3t<\/a><\/span> hoztunk l\u00e9tre Borb\u00e1s-T\u00f3th Marica \u00e9s Breszkovics Bernadett fest\u0151m\u0171v\u00e9szekkel k\u00f6z\u00f6sen, melyet a fesztiv\u00e1l r\u00e9sztvev\u0151i \u00e9s a j\u00e1r\u00f3kel\u0151k t\u00f6lt\u00f6ttek meg rajzokkal.<\/p>\n<p>[\/et_pb_text][\/et_pb_column][\/et_pb_row][et_pb_row _builder_version=&#8221;4.7.7&#8243; _module_preset=&#8221;default&#8221;][et_pb_column type=&#8221;4_4&#8243; _builder_version=&#8221;4.7.7&#8243; _module_preset=&#8221;default&#8221;][et_pb_divider _builder_version=&#8221;4.7.7&#8243; _module_preset=&#8221;default&#8221;][\/et_pb_divider][\/et_pb_column][\/et_pb_row][et_pb_row _builder_version=&#8221;4.7.7&#8243; _module_preset=&#8221;default&#8221; width=&#8221;50%&#8221; width_tablet=&#8221;90%&#8221; width_phone=&#8221;90%&#8221; width_last_edited=&#8221;on|phone&#8221; max_width_tablet=&#8221;&#8221; max_width_phone=&#8221;&#8221; max_width_last_edited=&#8221;on|phone&#8221; module_alignment_tablet=&#8221;&#8221; module_alignment_phone=&#8221;&#8221; module_alignment_last_edited=&#8221;on|phone&#8221;][et_pb_column type=&#8221;4_4&#8243; _builder_version=&#8221;4.7.7&#8243; _module_preset=&#8221;default&#8221;][et_pb_text _builder_version=&#8221;4.7.7&#8243; _module_preset=&#8221;default&#8221; text_font_size=&#8221;28px&#8221; custom_margin=&#8221;||-4px|||&#8221; custom_padding=&#8221;||0px|||&#8221; inline_fonts=&#8221;Abhaya Libre&#8221;]<\/p>\n<p style=\"text-align: center;\"><u>Horizont<\/u><\/p>\n<p style=\"text-align: center;\">MAOE, RE\u00d6K Szeged, 2021. szeptember<\/p>\n<p style=\"text-align: center;\">[\/et_pb_text][et_pb_gallery gallery_ids=&#8221;1593&#8243; fullwidth=&#8221;on&#8221; hover_icon=&#8221;%%43%%&#8221; _builder_version=&#8221;4.7.7&#8243; _module_preset=&#8221;default&#8221; custom_margin=&#8221;|1px||||&#8221; custom_padding=&#8221;|165px||165px||true&#8221;][\/et_pb_gallery][et_pb_text _builder_version=&#8221;4.7.7&#8243; _module_preset=&#8221;default&#8221; link_option_url_new_window=&#8221;on&#8221;]<\/p>\n<p style=\"text-align: justify;\">2021. szeptemberben l\u00e1togathat\u00f3 a Magyar Alkot\u00f3m\u0171v\u00e9szek Orsz\u00e1gos Egyes\u00fclet\u00e9nek ki\u00e1ll\u00edt\u00e1sa a RE\u00d6K Palot\u00e1ban, Szegeden. Tov\u00e1bbi inform\u00e1ci\u00f3 olvashat\u00f3 a <span style=\"text-decoration: underline;\"><a href=\"https:\/\/kultura.hu\/horizont-nagyszabasu-kiallitassal-indul-a-szeptember-a-reok-ben\/\" target=\"_blank\" rel=\"noopener noreferrer\">kultura.hu<\/a><\/span>, <span style=\"text-decoration: underline;\"><a href=\"https:\/\/www.prae.hu\/news\/39466-horizont-a-maoe-kiallitasa-a-szegedi-reok-palotaban\/\" target=\"_blank\" rel=\"noopener noreferrer\">prae.hu<\/a><\/span> \u00e9s a <span style=\"text-decoration: underline;\"><a href=\"https:\/\/szegedma.hu\/2021\/09\/megnyilt-a-maoe-kiallitasa-a-reok-palotaban\" target=\"_blank\" rel=\"noopener noreferrer\">szegedma.hu<\/a><\/span> oldal\u00e1n.<\/p>\n<p>[\/et_pb_text][\/et_pb_column][\/et_pb_row][et_pb_row _builder_version=&#8221;4.7.7&#8243; _module_preset=&#8221;default&#8221;][et_pb_column type=&#8221;4_4&#8243; _builder_version=&#8221;4.7.7&#8243; _module_preset=&#8221;default&#8221;][et_pb_divider _builder_version=&#8221;4.7.7&#8243; _module_preset=&#8221;default&#8221;][\/et_pb_divider][\/et_pb_column][\/et_pb_row][et_pb_row _builder_version=&#8221;4.7.7&#8243; _module_preset=&#8221;default&#8221; width=&#8221;50%&#8221; width_tablet=&#8221;90%&#8221; width_phone=&#8221;90%&#8221; width_last_edited=&#8221;on|phone&#8221; max_width_tablet=&#8221;&#8221; max_width_phone=&#8221;&#8221; max_width_last_edited=&#8221;on|phone&#8221; module_alignment_tablet=&#8221;&#8221; module_alignment_phone=&#8221;&#8221; module_alignment_last_edited=&#8221;on|phone&#8221;][et_pb_column type=&#8221;4_4&#8243; _builder_version=&#8221;4.7.7&#8243; _module_preset=&#8221;default&#8221;][et_pb_text _builder_version=&#8221;4.7.7&#8243; _module_preset=&#8221;default&#8221; text_font_size=&#8221;28px&#8221; custom_margin=&#8221;||-4px|||&#8221; custom_padding=&#8221;||0px|||&#8221; inline_fonts=&#8221;Abhaya Libre&#8221;]<\/p>\n<p style=\"text-align: center;\"><u>Gener\u00e1ci\u00f3k<\/u><\/p>\n<p style=\"text-align: center;\">V\u00edziv\u00e1rosi Gal\u00e9ria, 2021. j\u00falius<\/p>\n<p style=\"text-align: center;\">[\/et_pb_text][et_pb_gallery gallery_ids=&#8221;1579,1580,1576,1577,1578,1582,1583,1584,1586,1585&#8243; fullwidth=&#8221;on&#8221; hover_icon=&#8221;%%43%%&#8221; _builder_version=&#8221;4.7.7&#8243; _module_preset=&#8221;default&#8221; custom_margin=&#8221;|1px||||&#8221; custom_padding=&#8221;|86px||86px||true&#8221;][\/et_pb_gallery][et_pb_text _builder_version=&#8221;4.7.7&#8243; _module_preset=&#8221;default&#8221; link_option_url_new_window=&#8221;on&#8221;]<\/p>\n<p style=\"text-align: justify;\">2021. j\u00faliusban a <span style=\"text-decoration: underline;\"><a href=\"https:\/\/www.vizivarosigaleria.hu\/agoston-lorant-ordog-noemi-toth-annamaria-rita.html\" target=\"_blank\" rel=\"noopener noreferrer\">V\u00edziv\u00e1rosi Gal\u00e9ri\u00e1ban<\/a><\/span>, a Gener\u00e1ci\u00f3k c\u00edm\u0171 csoportos ki\u00e1ll\u00edt\u00e1son szerepeltek a k\u00e9peim. A ki\u00e1ll\u00edt\u00e1sr\u00f3l egy cikk is sz\u00fcletett a <span style=\"text-decoration: underline;\"><a href=\"http:\/\/www.budaipolgar.hu\/ajanlo\/kiallita.html?query=Gener%C3%A1ci%C3%B3k\" target=\"_blank\" rel=\"noopener noreferrer\">Budai Polg\u00e1r foly\u00f3iratban.<\/a><\/span><\/p>\n<p>[\/et_pb_text][\/et_pb_column][\/et_pb_row][et_pb_row _builder_version=&#8221;4.7.7&#8243; _module_preset=&#8221;default&#8221;][et_pb_column type=&#8221;4_4&#8243; _builder_version=&#8221;4.7.7&#8243; _module_preset=&#8221;default&#8221;][et_pb_divider _builder_version=&#8221;4.7.7&#8243; _module_preset=&#8221;default&#8221;][\/et_pb_divider][\/et_pb_column][\/et_pb_row][et_pb_row _builder_version=&#8221;4.7.7&#8243; _module_preset=&#8221;default&#8221; width=&#8221;50%&#8221; width_tablet=&#8221;90%&#8221; width_phone=&#8221;90%&#8221; width_last_edited=&#8221;on|phone&#8221; max_width_tablet=&#8221;&#8221; max_width_phone=&#8221;&#8221; max_width_last_edited=&#8221;on|phone&#8221; module_alignment_tablet=&#8221;&#8221; module_alignment_phone=&#8221;&#8221; module_alignment_last_edited=&#8221;on|phone&#8221;][et_pb_column type=&#8221;4_4&#8243; _builder_version=&#8221;4.7.7&#8243; _module_preset=&#8221;default&#8221;][et_pb_text _builder_version=&#8221;4.7.7&#8243; _module_preset=&#8221;default&#8221; text_font_size=&#8221;28px&#8221; custom_margin=&#8221;||-4px|||&#8221; custom_padding=&#8221;||0px|||&#8221; inline_fonts=&#8221;Abhaya Libre&#8221;]<\/p>\n<p style=\"text-align: center;\"><span style=\"text-decoration: underline;\">Forg\u00e1s<\/span><\/p>\n<p style=\"text-align: center;\">BBB Eleven Tavasz, Budapest, 2021. j\u00fanius<\/p>\n<p style=\"text-align: center;\">[\/et_pb_text][et_pb_gallery gallery_ids=&#8221;1563,1562,1561,1560,1565,1564,1495,1499,1501,1500,1496,1497,1498,1566,1558,1557&#8243; fullwidth=&#8221;on&#8221; hover_icon=&#8221;%%43%%&#8221; _builder_version=&#8221;4.7.7&#8243; _module_preset=&#8221;default&#8221; custom_margin=&#8221;|1px||||&#8221; custom_padding=&#8221;|228px||228px||true&#8221;][\/et_pb_gallery][et_pb_text _builder_version=&#8221;4.7.7&#8243; _module_preset=&#8221;default&#8221; link_option_url_new_window=&#8221;on&#8221;]<\/p>\n<p style=\"text-align: justify;\">A <span style=\"text-decoration: underline;\"><a href=\"https:\/\/www.bartokbelaboulevard.hu\/\" target=\"_blank\" rel=\"noopener noreferrer\">Bart\u00f3k B\u00e9la Boulevard<\/a><\/span>\u00a0szervez\u00e9s\u00e9ben id\u00e9n is megrendez\u00e9sre ker\u00fclt az Eleven Tavasz programsorozat sok-sok ki\u00e1ll\u00edt\u00e1ssal \u00e9s install\u00e1ci\u00f3val k\u00eds\u00e9rve a Bart\u00f3k B\u00e9la \u00faton. <span style=\"text-decoration: underline;\"><a href=\"https:\/\/www.bartokbelaboulevard.hu\/program.1531.toth_annamaria_rita_forgas__installacio_a_kirakatban__bor_es_kezmuves\" target=\"_blank\" rel=\"noopener noreferrer\">Forg\u00e1s c\u00edm\u0171 ki\u00e1ll\u00edt\u00e1som<\/a><\/span> a <span style=\"text-decoration: underline;\"><a href=\"http:\/\/borkezmuves.hu\/\" target=\"_blank\" rel=\"noopener noreferrer\">Bor \u00e9s K\u00e9zm\u0171ves \u00dczlet, M\u0171hely Gal\u00e9ri\u00e1ban<\/a><\/span> volt megtekinthet\u0151 2021. j\u00faniusban.<\/p>\n<p>[\/et_pb_text][\/et_pb_column][\/et_pb_row][et_pb_row _builder_version=&#8221;4.7.7&#8243; _module_preset=&#8221;default&#8221;][et_pb_column type=&#8221;4_4&#8243; _builder_version=&#8221;4.7.7&#8243; _module_preset=&#8221;default&#8221;][et_pb_divider _builder_version=&#8221;4.7.7&#8243; _module_preset=&#8221;default&#8221;][\/et_pb_divider][\/et_pb_column][\/et_pb_row][et_pb_row _builder_version=&#8221;4.7.7&#8243; _module_preset=&#8221;default&#8221; width=&#8221;50%&#8221; width_tablet=&#8221;90%&#8221; width_phone=&#8221;90%&#8221; width_last_edited=&#8221;on|phone&#8221; max_width_tablet=&#8221;&#8221; max_width_phone=&#8221;&#8221; max_width_last_edited=&#8221;on|phone&#8221; module_alignment_tablet=&#8221;&#8221; module_alignment_phone=&#8221;&#8221; module_alignment_last_edited=&#8221;on|phone&#8221;][et_pb_column type=&#8221;4_4&#8243; _builder_version=&#8221;4.7.7&#8243; _module_preset=&#8221;default&#8221;][et_pb_text _builder_version=&#8221;4.7.7&#8243; _module_preset=&#8221;default&#8221; text_font_size=&#8221;28px&#8221; custom_margin=&#8221;||-4px|||&#8221; custom_padding=&#8221;||0px|||&#8221; inline_fonts=&#8221;Abhaya Libre&#8221;]<\/p>\n<p style=\"text-align: center;\"><span style=\"text-decoration: underline;\">H\u00e1romkir\u00e1lyfi J\u00f3t\u00e9konys\u00e1gi Aukci\u00f3<\/span><\/p>\n<p style=\"text-align: center;\">2020.12.21. &#8211; 2021.01.03.<\/p>\n<p style=\"text-align: center;\">\n<p>[\/et_pb_text][et_pb_gallery gallery_ids=&#8221;895&#8243; fullwidth=&#8221;on&#8221; hover_icon=&#8221;%%43%%&#8221; _builder_version=&#8221;4.7.7&#8243; _module_preset=&#8221;default&#8221; custom_margin=&#8221;|1px||||&#8221; custom_padding=&#8221;|228px||228px||true&#8221;][\/et_pb_gallery][et_pb_text _builder_version=&#8221;4.7.7&#8243; _module_preset=&#8221;default&#8221; link_option_url_new_window=&#8221;on&#8221;]<\/p>\n<p style=\"text-align: justify;\"><span>A Pint\u00e9r Gal\u00e9ria \u00e9s Aukci\u00f3sh\u00e1zzal egy\u00fcttm\u0171k\u00f6d\u00e9sben kar\u00e1csonyi\u00a0<\/span><u><a href=\"https:\/\/pinteraukcioshaz.hu\/haromkiralyfi-jotekonysagi-aukcio\" target=\"_blank\" rel=\"noopener\">j\u00f3t\u00e9konys\u00e1gi aukci\u00f3t ind\u00edtott<\/a><\/u><span>\u00a0a H\u00e1rom Kir\u00e1lyfi, H\u00e1rom Kir\u00e1lyl\u00e1ny Mozgalom.<\/span><span>\u00a0Az aukci\u00f3 bev\u00e9telei a k\u00edv\u00e1nt gyermekek megsz\u00fclet\u00e9s\u00e9\u00e9rt dolgoz\u00f3, orsz\u00e1gos h\u00e1l\u00f3zattal rendelkez\u0151 k\u00f6zhaszn\u00fa alap\u00edtv\u00e1ny c\u00e9ljainak megval\u00f3s\u00edt\u00e1s\u00e1t szolg\u00e1lj\u00e1k. Nagy \u00f6r\u00f6m\u00f6mre, Kert-f\u00e9ny-t\u00e9r II. c\u00edm\u0171 festm\u00e9nyemmel \u00e9n is r\u00e9szt vettem az aukci\u00f3n. Tov\u00e1bbi r\u00e9szletek <a href=\"https:\/\/www.haromkiralyfi.hu\/karacsonyi-jotekonysagi-aukciot-hirdetett-a-harom-kiralyfi\" target=\"_blank\" rel=\"noopener noreferrer\"><span style=\"text-decoration: underline;\">itt.<\/span><\/a><span style=\"text-decoration: underline;\"><\/span><\/span><\/p>\n<p>[\/et_pb_text][\/et_pb_column][\/et_pb_row][et_pb_row _builder_version=&#8221;4.7.7&#8243; _module_preset=&#8221;default&#8221;][et_pb_column type=&#8221;4_4&#8243; _builder_version=&#8221;4.7.7&#8243; _module_preset=&#8221;default&#8221;][et_pb_divider _builder_version=&#8221;4.7.7&#8243; _module_preset=&#8221;default&#8221;][\/et_pb_divider][\/et_pb_column][\/et_pb_row][et_pb_row _builder_version=&#8221;4.7.7&#8243; _module_preset=&#8221;default&#8221; width=&#8221;50%&#8221; width_tablet=&#8221;90%&#8221; width_phone=&#8221;90%&#8221; width_last_edited=&#8221;on|tablet&#8221;][et_pb_column type=&#8221;4_4&#8243; _builder_version=&#8221;4.7.7&#8243; _module_preset=&#8221;default&#8221;][et_pb_text _builder_version=&#8221;4.7.7&#8243; _module_preset=&#8221;default&#8221; text_font_size=&#8221;28px&#8221; inline_fonts=&#8221;Abhaya Libre&#8221;]<\/p>\n<p style=\"text-align: center;\">\u00a0<u style=\"font-size: 28px; text-align: center;\">Resident Art Fair 2020.<\/u><\/p>\n<p style=\"text-align: center;\">A.PA. Gal\u00e9ria, 2020.12.03-22.<\/p>\n<p>[\/et_pb_text][et_pb_gallery gallery_ids=&#8221;902,915,914,913&#8243; fullwidth=&#8221;on&#8221; hover_icon=&#8221;%%43%%&#8221; _builder_version=&#8221;4.7.7&#8243; _module_preset=&#8221;default&#8221; custom_padding=&#8221;|156px|0px|156px||true&#8221;][\/et_pb_gallery][et_pb_text _builder_version=&#8221;4.7.7&#8243; _module_preset=&#8221;default&#8221; inline_fonts=&#8221;Abhaya Libre&#8221;]<\/p>\n<p style=\"text-align: justify;\"><span style=\"font-family: 'Abhaya Libre';\">V\u00e1rja l\u00e1togat\u00f3it a Resident Art Fair kort\u00e1rs k\u00e9pz\u0151m\u0171v\u00e9szeti v\u00e1s\u00e1r 2020. kar\u00e1csony\u00e1n az A.P.A Gal\u00e9ri\u00e1ban, melyen id\u00e9n n\u00e9gy alkot\u00e1ssal \u00e9n is szerepelek. Az online katal\u00f3gus <a href=\"https:\/\/en.calameo.com\/books\/004820596101ec8fef002\" target=\"_blank\" rel=\"noopener noreferrer\"><span style=\"text-decoration: underline;\">ide kattintva<\/span><\/a> \u00e9rhet\u0151 el. Tov\u00e1bbi inform\u00e1ci\u00f3 a <span style=\"text-decoration: underline;\"><a href=\"https:\/\/residentart.com\/exhibition\/resident-art-fair-2020-kortars-butik\/\" target=\"_blank\" rel=\"noopener noreferrer\">Resident Art Budapest oldal\u00e1n<\/a><\/span>.<\/span><\/p>\n<p>[\/et_pb_text][\/et_pb_column][\/et_pb_row][et_pb_row _builder_version=&#8221;4.7.7&#8243; _module_preset=&#8221;default&#8221;][et_pb_column type=&#8221;4_4&#8243; _builder_version=&#8221;4.7.7&#8243; _module_preset=&#8221;default&#8221;][et_pb_divider _builder_version=&#8221;4.7.7&#8243; _module_preset=&#8221;default&#8221;][\/et_pb_divider][\/et_pb_column][\/et_pb_row][et_pb_row _builder_version=&#8221;4.7.7&#8243; _module_preset=&#8221;default&#8221; width=&#8221;50%&#8221; width_tablet=&#8221;90%&#8221; width_phone=&#8221;90%&#8221; width_last_edited=&#8221;on|phone&#8221;][et_pb_column type=&#8221;4_4&#8243; _builder_version=&#8221;4.7.7&#8243; _module_preset=&#8221;default&#8221;][et_pb_text _builder_version=&#8221;4.7.7&#8243; _module_preset=&#8221;default&#8221; text_font_size=&#8221;28px&#8221; inline_fonts=&#8221;Abhaya Libre&#8221;]<\/p>\n<p style=\"text-align: center;\"><u>Terek h\u00e1l\u00f3zata install\u00e1ci\u00f3<\/u><\/p>\n<p style=\"text-align: center;\">BBB Eleven \u0150sz Fesztiv\u00e1l 2020. 09.25-26.<\/p>\n<p>[\/et_pb_text][et_pb_gallery gallery_ids=&#8221;505,599,501&#8243; fullwidth=&#8221;on&#8221; hover_icon=&#8221;%%43%%&#8221; _builder_version=&#8221;4.7.7&#8243; _module_preset=&#8221;default&#8221; custom_margin=&#8221;|220px||220px||true&#8221;][\/et_pb_gallery][et_pb_text _builder_version=&#8221;4.7.7&#8243; _module_preset=&#8221;default&#8221; inline_fonts=&#8221;Abhaya Libre&#8221;]<\/p>\n<p style=\"text-align: justify;\"><span style=\"font-family: 'Abhaya Libre';\">Terek h\u00e1l\u00f3zata c\u00edm\u0171 install\u00e1ci\u00f3m, a BBB Eleven \u0150sz 2020., 1 M\u0171v\u00e9sz 1 Porta rendezv\u00e9ny r\u00e9szek\u00e9nt v\u00e1rja az \u00e9rdekl\u0151d\u0151ket a Bart\u00f3k B\u00e9la \u00faton, a Bor \u00e9s K\u00e9zm\u0171ves \u00dczlet, M\u0171hely, Gal\u00e9ri\u00e1ban szeptember 25-26-\u00e1n. Az alkot\u00e1shoz tartoz\u00f3 le\u00edr\u00e1s<a href=\"https:\/\/tothannamariarita.com\/terek-halozata-installacio\/\" target=\"_blank\" rel=\"noopener noreferrer\"><span style=\"text-decoration: underline;\"> itt olvashat\u00f3<\/span><\/a>.<\/span><\/p>\n<p>[\/et_pb_text][\/et_pb_column][\/et_pb_row][et_pb_row _builder_version=&#8221;4.7.7&#8243; _module_preset=&#8221;default&#8221;][et_pb_column type=&#8221;4_4&#8243; _builder_version=&#8221;4.7.7&#8243; _module_preset=&#8221;default&#8221;][et_pb_divider _builder_version=&#8221;4.7.7&#8243; _module_preset=&#8221;default&#8221;][\/et_pb_divider][\/et_pb_column][\/et_pb_row][et_pb_row _builder_version=&#8221;4.7.7&#8243; _module_preset=&#8221;default&#8221; width=&#8221;50%&#8221; width_tablet=&#8221;90%&#8221; width_phone=&#8221;&#8221; width_last_edited=&#8221;on|phone&#8221;][et_pb_column type=&#8221;4_4&#8243; _builder_version=&#8221;4.7.7&#8243; _module_preset=&#8221;default&#8221;][et_pb_text _builder_version=&#8221;4.7.7&#8243; _module_preset=&#8221;default&#8221; text_font_size=&#8221;28px&#8221; inline_fonts=&#8221;Abhaya Libre&#8221;]<\/p>\n<p style=\"text-align: center;\"><u>Budapest Art Mentor<\/u><\/p>\n<p style=\"text-align: center;\">K\u00e9pz\u0151m\u0171v\u00e9szeti Mentorprogram 2020\/21 \u00e9vfolyam<\/p>\n<p>[\/et_pb_text][et_pb_gallery gallery_ids=&#8221;938,939&#8243; fullwidth=&#8221;on&#8221; _builder_version=&#8221;4.7.7&#8243; _module_preset=&#8221;default&#8221; custom_padding=&#8221;|138px||138px||true&#8221;][\/et_pb_gallery][et_pb_text _builder_version=&#8221;4.7.7&#8243; _module_preset=&#8221;default&#8221; custom_padding=&#8221;||0px|||&#8221; inline_fonts=&#8221;Abhaya Libre&#8221;]<\/p>\n<p style=\"text-align: justify;\"><span style=\"font-family: 'Abhaya Libre';\">Felv\u00e9telt nyertem a Budapest Art Mentor k\u00e9pz\u0151m\u0171v\u00e9szeti mentorprogram 2020\/21-es \u00e9vfolyam\u00e1ba. Nagy \u00f6r\u00f6m, \u00faj tud\u00e1s \u00e9s szeml\u00e9let, fantasztikus k\u00f6z\u00f6ss\u00e9g \u00e9s rengeteg \u00faj \u00e9lm\u00e9ny v\u00e1r r\u00e1m a k\u00f6vetkez\u0151 egy \u00e9vben! Tov\u00e1bbi inform\u00e1ci\u00f3 a Programr\u00f3l a <a href=\"https:\/\/budapestartmentor.hu\/\" target=\"_blank\" rel=\"noopener noreferrer\"><span style=\"text-decoration: underline;\">Budapest Art Mentor oldal\u00e1n.<\/span><\/a><\/span><\/p>\n<p>[\/et_pb_text][\/et_pb_column][\/et_pb_row][et_pb_row _builder_version=&#8221;4.7.7&#8243; _module_preset=&#8221;default&#8221;][et_pb_column type=&#8221;4_4&#8243; _builder_version=&#8221;4.7.7&#8243; _module_preset=&#8221;default&#8221;][et_pb_divider _builder_version=&#8221;4.7.7&#8243; _module_preset=&#8221;default&#8221;][\/et_pb_divider][\/et_pb_column][\/et_pb_row][et_pb_row _builder_version=&#8221;4.7.7&#8243; _module_preset=&#8221;default&#8221; width=&#8221;50%&#8221; width_tablet=&#8221;90%&#8221; width_phone=&#8221;&#8221; width_last_edited=&#8221;on|phone&#8221;][et_pb_column type=&#8221;4_4&#8243; _builder_version=&#8221;4.7.7&#8243; _module_preset=&#8221;default&#8221;][et_pb_text _builder_version=&#8221;4.7.7&#8243; _module_preset=&#8221;default&#8221; text_font_size=&#8221;28px&#8221; custom_margin=&#8221;||-1px|||&#8221; inline_fonts=&#8221;Abhaya Libre&#8221;]<\/p>\n<p style=\"text-align: center;\"><u>XVIII. T\u00e1blak\u00e9pfest\u00e9szeti Bienn\u00e1l\u00e9<\/u><\/p>\n<p style=\"text-align: center;\">RE\u00d6K Palota, Szeged, online, 2020.<\/p>\n<p>[\/et_pb_text][et_pb_gallery gallery_ids=&#8221;950,134&#8243; fullwidth=&#8221;on&#8221; _builder_version=&#8221;4.7.7&#8243; _module_preset=&#8221;default&#8221;][\/et_pb_gallery][et_pb_text _builder_version=&#8221;4.7.7&#8243; _module_preset=&#8221;default&#8221; inline_fonts=&#8221;Abhaya Libre&#8221;]<\/p>\n<p style=\"text-align: justify;\"><span style=\"font-family: 'Abhaya Libre';\">A XVIII. T\u00e1blak\u00e9pfest\u00e9szeti Bienn\u00e1l\u00e9 id\u00e9n online t\u00e9rben tekinthet\u0151 meg. Kert-f\u00e9ny-t\u00e9r III. c\u00edm\u0171 festm\u00e9nyem a 9. teremben v\u00e1rja a l\u00e1togat\u00f3kat! <a href=\"https:\/\/biennale.reok.hu\/\" target=\"_blank\" rel=\"noopener noreferrer\"><span style=\"text-decoration: underline;\">Az ki\u00e1ll\u00edt\u00e1s &#8222;v\u00e9gigs\u00e9t\u00e1lhat\u00f3&#8221; ezen a linken kereszt\u00fcl.<\/span><\/a><\/span><\/p>\n<p>[\/et_pb_text][\/et_pb_column][\/et_pb_row][et_pb_row _builder_version=&#8221;4.7.7&#8243; _module_preset=&#8221;default&#8221;][et_pb_column type=&#8221;4_4&#8243; _builder_version=&#8221;4.7.7&#8243; _module_preset=&#8221;default&#8221;][et_pb_divider _builder_version=&#8221;4.7.7&#8243; _module_preset=&#8221;default&#8221;][\/et_pb_divider][\/et_pb_column][\/et_pb_row][et_pb_row _builder_version=&#8221;4.7.7&#8243; _module_preset=&#8221;default&#8221; width=&#8221;50%&#8221; width_tablet=&#8221;90%&#8221; width_phone=&#8221;&#8221; width_last_edited=&#8221;on|phone&#8221;][et_pb_column type=&#8221;4_4&#8243; _builder_version=&#8221;4.7.7&#8243; _module_preset=&#8221;default&#8221;][et_pb_text _builder_version=&#8221;4.7.7&#8243; _module_preset=&#8221;default&#8221; text_font_size=&#8221;28px&#8221; inline_fonts=&#8221;Abhaya Libre&#8221;]<\/p>\n<p style=\"text-align: center;\"><u>Pinka pARTvonal m\u0171v\u00e9sztelep<\/u><\/p>\n<p style=\"text-align: center;\">Pinkamindszent, 2020.<\/p>\n<p>[\/et_pb_text][et_pb_gallery gallery_ids=&#8221;962,961,964,963,960&#8243; fullwidth=&#8221;on&#8221; _builder_version=&#8221;4.7.7&#8243; _module_preset=&#8221;default&#8221;][\/et_pb_gallery][et_pb_text _builder_version=&#8221;4.7.7&#8243; _module_preset=&#8221;default&#8221; inline_fonts=&#8221;Abhaya Libre&#8221;]<\/p>\n<p style=\"text-align: justify;\"><span style=\"font-family: 'Abhaya Libre'; font-weight: normal;\">Id\u00e9n \u00f6t\u00f6dik alkalommal szervezt\u00e9k meg Pinkamindszenten a Pinka pARTvonal M\u0171v\u00e9sztelepet Rajner \u00c1gota, M\u00e9sz\u00e1ros Szabolcs fest\u0151m\u0171v\u00e9sz \u00e9s Pinkamindszent \u00d6nkorm\u00e1nyzata j\u00f3volt\u00e1b\u00f3l. A 10 nap zavartalan alkot\u00e1s mellett sok k\u00f6z\u00f6s \u00e9lm\u00e9nnyel gazdagodtunk, k\u00f6sz\u00f6net \u00e9rte! Telep\u00fcnkr\u0151l cikk is sz\u00fcletett a Vas N\u00e9pe foly\u00f3iratban, mely <a href=\"https:\/\/www.vaol.hu\/kultura\/helyi-kultura\/pinka-menti-pieta-es-a-kukoricak-tanca-lilaban-az-otodik-partvonal-muvesztelepen-4129826\/?fbclid=IwAR2szwBww8HvaFGRzS1K1YmHThVafTXTq1j_OiFGs1qBuXbTzRtX17Ei-LU\" target=\"_blank\" rel=\"noopener noreferrer\"><span style=\"text-decoration: underline;\">itt olvashat\u00f3<\/span><\/a>.\u00a0<\/span><\/p>\n<p>[\/et_pb_text][\/et_pb_column][\/et_pb_row][et_pb_row _builder_version=&#8221;4.7.7&#8243; _module_preset=&#8221;default&#8221;][et_pb_column type=&#8221;4_4&#8243; _builder_version=&#8221;4.7.7&#8243; _module_preset=&#8221;default&#8221;][et_pb_divider _builder_version=&#8221;4.7.7&#8243; _module_preset=&#8221;default&#8221;][\/et_pb_divider][\/et_pb_column][\/et_pb_row][et_pb_row _builder_version=&#8221;4.7.7&#8243; _module_preset=&#8221;default&#8221; width=&#8221;50%&#8221; width_tablet=&#8221;90%&#8221; width_phone=&#8221;&#8221; width_last_edited=&#8221;on|phone&#8221;][et_pb_column type=&#8221;4_4&#8243; _builder_version=&#8221;4.7.7&#8243; _module_preset=&#8221;default&#8221;][et_pb_text _builder_version=&#8221;4.7.7&#8243; _module_preset=&#8221;default&#8221; text_font_size=&#8221;28px&#8221; inline_fonts=&#8221;Abhaya Libre&#8221;]<\/p>\n<p style=\"text-align: center;\"><u>#maradjotthonalkotni<\/u><\/p>\n<p style=\"text-align: center;\">Vide\u00f3 a MANK felk\u00e9r\u00e9s\u00e9re a pand\u00e9mia idej\u00e9n, 2020. m\u00e1jus.<\/p>\n<p>[\/et_pb_text][et_pb_video src=&#8221;https:\/\/www.youtube.com\/watch?v=u-ogAQ4aebI&#8221; _builder_version=&#8221;4.7.7&#8243; _module_preset=&#8221;default&#8221;][\/et_pb_video][et_pb_text _builder_version=&#8221;4.7.7&#8243; _module_preset=&#8221;default&#8221; inline_fonts=&#8221;Abhaya Libre&#8221;]<\/p>\n<p style=\"text-align: justify;\"><span style=\"font-family: 'Abhaya Libre'; font-weight: normal;\">A MANK felk\u00e9r\u00e9s\u00e9re, a #maradjotthonalkotni kezdem\u00e9nyez\u00e9shez csatlakozva k\u00e9sz\u00edtettem ezt a r\u00f6vid vide\u00f3t a v\u00edrushelyzet els\u0151 hull\u00e1ma idej\u00e9n, 2020. m\u00e1jus\u00e1ban.<\/span><\/p>\n<p>[\/et_pb_text][\/et_pb_column][\/et_pb_row][et_pb_row _builder_version=&#8221;4.7.7&#8243; _module_preset=&#8221;default&#8221;][et_pb_column type=&#8221;4_4&#8243; _builder_version=&#8221;4.7.7&#8243; _module_preset=&#8221;default&#8221;][et_pb_divider _builder_version=&#8221;4.7.7&#8243; _module_preset=&#8221;default&#8221;][\/et_pb_divider][\/et_pb_column][\/et_pb_row][et_pb_row _builder_version=&#8221;4.7.7&#8243; _module_preset=&#8221;default&#8221; width=&#8221;50%&#8221; width_tablet=&#8221;90%&#8221; width_phone=&#8221;&#8221; width_last_edited=&#8221;on|phone&#8221;][et_pb_column type=&#8221;4_4&#8243; _builder_version=&#8221;4.7.7&#8243; _module_preset=&#8221;default&#8221;][et_pb_text _builder_version=&#8221;4.7.7&#8243; _module_preset=&#8221;default&#8221; text_font_size=&#8221;28px&#8221; inline_fonts=&#8221;Abhaya Libre&#8221;]<\/p>\n<p style=\"text-align: center;\"><u>C\u00e9drus &#8211; Hommage \u00e1 Csontv\u00e1ry<\/u><\/p>\n<p style=\"text-align: center;\">Magyar Fest\u00e9szet Napja, 2019.<\/p>\n<p>[\/et_pb_text][et_pb_gallery gallery_ids=&#8221;974&#8243; fullwidth=&#8221;on&#8221; _builder_version=&#8221;4.7.7&#8243; _module_preset=&#8221;default&#8221; custom_padding=&#8221;|117px||117px||true&#8221;][\/et_pb_gallery][et_pb_text _builder_version=&#8221;4.7.7&#8243; _module_preset=&#8221;default&#8221; inline_fonts=&#8221;Abhaya Libre&#8221;]<\/p>\n<p style=\"text-align: justify;\"><span style=\"font-family: 'Abhaya Libre'; font-weight: normal;\">A Magyar Fest\u00e9szet Napja alkalm\u00e1b\u00f3l ny\u00edlik C\u00e9drus &#8211; Hommage \u00e1 Csontv\u00e1ry c\u00edm\u0171 ki\u00e1ll\u00edt\u00e1sunk, mely h\u00e1rom, egy m\u0171teremben dolgoz\u00f3, fiatal fest\u0151m\u0171v\u00e9sz munk\u00e1ib\u00f3l v\u00e1logat Csontv\u00e1ry tisztelet\u00e9re. Breszkovics Bernadettel \u00e9s Borb\u00e1s-T\u00f3th Maric\u00e1val a Bor \u00e9s K\u00e9zm\u0171ves \u00dczlet, M\u0171hely, Gal\u00e9ri\u00e1ban v\u00e1rjuk a l\u00e1togat\u00f3kat a ki\u00e1ll\u00edt\u00e1sra \u00e9s a Gal\u00e9rias\u00e9t\u00e1ra is, mely Garami Gr\u00e9ta m\u0171v\u00e9szett\u00f6rt\u00e9n\u00e9sz \u00e9s Sipos Endre m\u0171v\u00e9szetfiloz\u00f3fus vezet\u00e9s\u00e9vel val\u00f3sul meg 2019. okt\u00f3ber 25. p\u00e9ntek, 14-16:30 k\u00f6z\u00f6tt a Bart\u00f3k B\u00e9la \u00faton. Tov\u00e1bbi inform\u00e1ci\u00f3k a <span style=\"text-decoration: underline;\"><a href=\"http:\/\/www.festeszetnapja.hu\/category\/2019\/\" target=\"_blank\" rel=\"noopener noreferrer\">Magyar Fest\u00e9szet Napja weboldal\u00e1n<\/a><\/span>.<\/span><\/p>\n<p>[\/et_pb_text][\/et_pb_column][\/et_pb_row][et_pb_row _builder_version=&#8221;4.7.7&#8243; _module_preset=&#8221;default&#8221;][et_pb_column type=&#8221;4_4&#8243; _builder_version=&#8221;4.7.7&#8243; _module_preset=&#8221;default&#8221;][et_pb_divider _builder_version=&#8221;4.7.7&#8243; _module_preset=&#8221;default&#8221;][\/et_pb_divider][\/et_pb_column][\/et_pb_row][et_pb_row _builder_version=&#8221;4.7.7&#8243; _module_preset=&#8221;default&#8221; width=&#8221;50%&#8221; width_tablet=&#8221;90%&#8221; width_phone=&#8221;&#8221; width_last_edited=&#8221;on|phone&#8221;][et_pb_column type=&#8221;4_4&#8243; _builder_version=&#8221;4.7.7&#8243; _module_preset=&#8221;default&#8221;][et_pb_text _builder_version=&#8221;4.7.7&#8243; _module_preset=&#8221;default&#8221; text_font_size=&#8221;28px&#8221; inline_fonts=&#8221;Abhaya Libre&#8221;]<\/p>\n<p style=\"text-align: center;\"><u>M\u0171v\u00e9sztelep Tihanyban<\/u><\/p>\n<p style=\"text-align: center;\">Magyar K\u00e9pz\u0151m\u0171v\u00e9szeti Egyetem, K\u00e9pz\u0151m\u0171v\u00e9sz-tan\u00e1r szak, 2019.<span style=\"font-size: 28px; text-align: left;\">\u00a0<\/span><\/p>\n<p>[\/et_pb_text][et_pb_gallery gallery_ids=&#8221;992,993,994,995,996,997&#8243; fullwidth=&#8221;on&#8221; _builder_version=&#8221;4.7.7&#8243; _module_preset=&#8221;default&#8221;][\/et_pb_gallery][et_pb_text _builder_version=&#8221;4.7.7&#8243; _module_preset=&#8221;default&#8221; inline_fonts=&#8221;Abhaya Libre&#8221;]<\/p>\n<p style=\"text-align: justify;\"><span style=\"font-family: 'Abhaya Libre'; font-weight: normal;\">A Magyar K\u00e9pz\u0151m\u0171v\u00e9szeti Egyetem K\u00e9pz\u0151m\u0171v\u00e9sz-tan\u00e1r szakos \u00e9vfolyamt\u00e1rsaimmal Tihanyban t\u00f6lt\u00f6tt\u00fcnk egy fantasztikus hetet, a M\u0171v\u00e9sztelepen.\u00a0<\/span><\/p>\n<p>[\/et_pb_text][\/et_pb_column][\/et_pb_row][et_pb_row _builder_version=&#8221;4.7.7&#8243; _module_preset=&#8221;default&#8221;][et_pb_column type=&#8221;4_4&#8243; _builder_version=&#8221;4.7.7&#8243; _module_preset=&#8221;default&#8221;][et_pb_divider _builder_version=&#8221;4.7.7&#8243; _module_preset=&#8221;default&#8221;][\/et_pb_divider][\/et_pb_column][\/et_pb_row][et_pb_row _builder_version=&#8221;4.7.7&#8243; _module_preset=&#8221;default&#8221; width=&#8221;50%&#8221; width_tablet=&#8221;90%&#8221; width_phone=&#8221;&#8221; width_last_edited=&#8221;on|phone&#8221;][et_pb_column type=&#8221;4_4&#8243; _builder_version=&#8221;4.7.7&#8243; _module_preset=&#8221;default&#8221;][et_pb_text _builder_version=&#8221;4.7.7&#8243; _module_preset=&#8221;default&#8221; text_font_size=&#8221;28px&#8221; inline_fonts=&#8221;Abhaya Libre&#8221;]<\/p>\n<p style=\"text-align: center;\"><u>Dimenzi\u00f3k<\/u><\/p>\n<p style=\"text-align: center;\">A MAOE tagjainak t\u00e1rlata, 2019, RE\u00d6K Palota, Szeged.<\/p>\n<p>[\/et_pb_text][et_pb_gallery gallery_ids=&#8221;1000&#8243; fullwidth=&#8221;on&#8221; _builder_version=&#8221;4.7.7&#8243; _module_preset=&#8221;default&#8221; custom_padding=&#8221;|109px||109px||true&#8221;][\/et_pb_gallery][et_pb_text _builder_version=&#8221;4.7.7&#8243; _module_preset=&#8221;default&#8221; inline_fonts=&#8221;Abhaya Libre&#8221;]<\/p>\n<p style=\"text-align: center;\"><span style=\"font-family: 'Abhaya Libre'; font-weight: normal;\">Id\u00e9n el\u0151sz\u00f6r vettem r\u00e9szt a MAOE tagjainak k\u00f6z\u00f6s t\u00e1rlat\u00e1n Szegeden, a RE\u00d6K Palot\u00e1ban.\u00a0<\/span><\/p>\n<p>[\/et_pb_text][\/et_pb_column][\/et_pb_row][et_pb_row _builder_version=&#8221;4.7.7&#8243; _module_preset=&#8221;default&#8221;][et_pb_column type=&#8221;4_4&#8243; _builder_version=&#8221;4.7.7&#8243; _module_preset=&#8221;default&#8221;][et_pb_divider _builder_version=&#8221;4.7.7&#8243; _module_preset=&#8221;default&#8221;][\/et_pb_divider][\/et_pb_column][\/et_pb_row][et_pb_row _builder_version=&#8221;4.7.7&#8243; _module_preset=&#8221;default&#8221; width=&#8221;50%&#8221; width_tablet=&#8221;90%&#8221; width_phone=&#8221;&#8221; width_last_edited=&#8221;on|phone&#8221;][et_pb_column type=&#8221;4_4&#8243; _builder_version=&#8221;4.7.7&#8243; _module_preset=&#8221;default&#8221;][et_pb_text _builder_version=&#8221;4.7.7&#8243; _module_preset=&#8221;default&#8221; text_font_size=&#8221;28px&#8221; inline_fonts=&#8221;Abhaya Libre&#8221;]<\/p>\n<p style=\"text-align: center;\"><u>ID\u0150\/K\u00c9P Fiatal m\u0171v\u00e9szek Tavaszi T\u00e1rlata<\/u><\/p>\n<p style=\"text-align: center;\">2019.04.05-05.04., MANK Gal\u00e9ria, Szentedre<\/p>\n<p>[\/et_pb_text][et_pb_gallery gallery_ids=&#8221;1006,1007,1008,1011,1009,1012,1010&#8243; fullwidth=&#8221;on&#8221; _builder_version=&#8221;4.7.7&#8243; _module_preset=&#8221;default&#8221; custom_padding=&#8221;|120px||120px||true&#8221;][\/et_pb_gallery][et_pb_text _builder_version=&#8221;4.7.7&#8243; _module_preset=&#8221;default&#8221; inline_fonts=&#8221;Abhaya Libre&#8221;]<\/p>\n<p style=\"text-align: justify;\"><span style=\"font-family: 'Abhaya Libre'; font-weight: normal;\">Megny\u00edlt az ID\u0150\/K\u00c9P Fiatal M\u0171v\u00e9szek Tavaszi T\u00e1rlata c\u00edm\u0171 ki\u00e1ll\u00edt\u00e1s, mely 30 \u00e9v alatti m\u0171v\u00e9szek munk\u00e1it mutatja be. Lugas V. c\u00edm\u0171 festm\u00e9nyemmel szerepelek \u00e9n is. A ki\u00e1ll\u00edt\u00e1s megtekinthet\u0151 2019.05.04-ig a MANK Gal\u00e9ri\u00e1ban, Szentendr\u00e9n.<\/span><\/p>\n<p>[\/et_pb_text][\/et_pb_column][\/et_pb_row][et_pb_row _builder_version=&#8221;4.7.7&#8243; _module_preset=&#8221;default&#8221;][et_pb_column type=&#8221;4_4&#8243; _builder_version=&#8221;4.7.7&#8243; _module_preset=&#8221;default&#8221;][et_pb_divider _builder_version=&#8221;4.7.7&#8243; _module_preset=&#8221;default&#8221;][\/et_pb_divider][\/et_pb_column][\/et_pb_row][et_pb_row _builder_version=&#8221;4.7.7&#8243; _module_preset=&#8221;default&#8221; width=&#8221;50%&#8221; width_tablet=&#8221;90%&#8221; width_phone=&#8221;&#8221; width_last_edited=&#8221;on|phone&#8221;][et_pb_column type=&#8221;4_4&#8243; _builder_version=&#8221;4.7.7&#8243; _module_preset=&#8221;default&#8221;][et_pb_text _builder_version=&#8221;4.7.7&#8243; _module_preset=&#8221;default&#8221; text_font_size=&#8221;28px&#8221; inline_fonts=&#8221;Abhaya Libre&#8221;]<\/p>\n<p style=\"text-align: center;\"><u>Barcsay-d\u00edj 2018.<\/u><\/p>\n<p>[\/et_pb_text][et_pb_gallery gallery_ids=&#8221;1038,1039,1028,1030,1047,1029,1032,1034,1035,1036,1037,1040&#8243; fullwidth=&#8221;on&#8221; _builder_version=&#8221;4.7.7&#8243; _module_preset=&#8221;default&#8221; custom_padding=&#8221;|63px||63px||true&#8221;][\/et_pb_gallery][et_pb_video src=&#8221;https:\/\/www.youtube.com\/watch?v=tjc_f3-K8GA&#038;t=14s&#8221; _builder_version=&#8221;4.7.7&#8243; _module_preset=&#8221;default&#8221;][\/et_pb_video][et_pb_text _builder_version=&#8221;4.7.7&#8243; _module_preset=&#8221;default&#8221; inline_fonts=&#8221;Abhaya Libre&#8221;]<\/p>\n<p style=\"text-align: justify;\"><span style=\"font-family: 'Abhaya Libre';\">Nagy \u00f6r\u00f6m \u00e9s megtiszteltet\u00e9s, hogy 2018-ban elnyerhettem a Barcsay-d\u00edjat. A hivatalos d\u00edj\u00e1tad\u00f3 \u00e9s ki\u00e1ll\u00edt\u00e1s megnyit\u00f3 2019.01.04-\u00e9n ker\u00fcl megrendez\u00e9sre a MANK Gal\u00e9ri\u00e1ban, Szentendr\u00e9n. A ki\u00e1ll\u00edt\u00e1st megnyitja Feledy Bal\u00e1zs m\u0171v\u00e9szeti \u00edr\u00f3. Megtekinthet\u0151 2019. 01.20.-ig. A megnyit\u00f3 esem\u00e9ny vide\u00f3j\u00e1t Er\u0151s P\u00e9ter k\u00e9sz\u00edtette, k\u00f6sz\u00f6net \u00e9rte! Tov\u00e1bbi m\u00e9dia megjelen\u00e9s olvashat\u00f3 a <span style=\"text-decoration: underline;\"><a href=\"https:\/\/kultura.hu\/kulturpolitika-barcsay-dijatado\/?fbclid=IwAR3NoRbgpXt3PhWGE8sdV4BKtX5qEEq6cEIbmJHjFmIUYUO9JfUaKpn6QSk\" target=\"_blank\" rel=\"noopener noreferrer\">Kult\u00fara.hu<\/a><\/span>, <span><a href=\"https:\/\/www.magyaridok.hu\/kultura\/erzelmek-es-technikak-3822689\/\" target=\"_blank\" rel=\"noopener noreferrer\"><span style=\"text-decoration: underline;\">Magyar Id\u0151k<\/span>,<\/a>\u00a0<\/span><a href=\"https:\/\/www.kulter.hu\/2019\/01\/atadtak-a-barcsay-dijakat\/\" target=\"_blank\" rel=\"noopener noreferrer\"><span style=\"text-decoration: underline;\">Kult\u00e9r<\/span><\/a>, <a href=\"https:\/\/librarius.hu\/2019\/01\/06\/harom-kepzomuveszno-kapta-a-2018-evi-barcsay-dijakat\/\" target=\"_blank\" rel=\"noopener noreferrer\"><span style=\"text-decoration: underline;\">Librarius<\/span><\/a>, <a href=\"http:\/\/www.szentendre.media.hu\/hirek\/kultura\/atadtak-a-barcsay-dijakat\" target=\"_blank\" rel=\"noopener noreferrer\"><span style=\"text-decoration: underline;\">Szentedrei M\u00e9diak\u00f6zpont<\/span><\/a>, <a href=\"https:\/\/endreikorkep.blog.hu\/2019\/01\/05\/atadtak_a_barcsay-dijakat_megnyilt_az_elmult_ket_ev_dijazottjainak_kiallitasa_is?utm_medium=doboz&amp;utm_campaign=bloghu_cimlap&amp;utm_source=kult&amp;fbclid=IwAR0hUmrqXgk_lygPVTIbeSjOHVHOfWEeRJHMq119rbX9tPbZ1VOLY_IHh18\" target=\"_blank\" rel=\"noopener noreferrer\"><span style=\"text-decoration: underline;\">Szentendrei K\u00f6rk\u00e9p<\/span><\/a> oldal\u00e1n. A Barcsay Jen\u0151 K\u00e9pz\u0151m\u0171v\u00e9szeti Alap\u00edtv\u00e1ny alap\u00edt\u00f3ival, K\u00f3nya M\u00e1rt\u00e1val \u00e9s\u00a0<span>K\u00f3nya Ferenccel\u00a0<\/span>k\u00e9sz\u00fclt <a href=\"http:\/\/www.szentendre.media.hu\/videok\/szentendre-ma\/szentendre-ma-tv-szentendre-2019-01-07\" target=\"_blank\" rel=\"noopener noreferrer\"><span style=\"text-decoration: underline;\">interj\u00fa meghallgathat\u00f3<\/span><\/a> a Szentendei M\u00e9diak\u00f6zpont oldal\u00e1n.<\/span><\/p>\n<p>[\/et_pb_text][\/et_pb_column][\/et_pb_row][et_pb_row _builder_version=&#8221;4.7.7&#8243; _module_preset=&#8221;default&#8221;][et_pb_column type=&#8221;4_4&#8243; _builder_version=&#8221;4.7.7&#8243; _module_preset=&#8221;default&#8221;][et_pb_divider _builder_version=&#8221;4.7.7&#8243; _module_preset=&#8221;default&#8221;][\/et_pb_divider][\/et_pb_column][\/et_pb_row][et_pb_row _builder_version=&#8221;4.7.7&#8243; _module_preset=&#8221;default&#8221; width=&#8221;50%&#8221; width_tablet=&#8221;90%&#8221; width_phone=&#8221;&#8221; width_last_edited=&#8221;on|phone&#8221;][et_pb_column type=&#8221;4_4&#8243; _builder_version=&#8221;4.7.7&#8243; _module_preset=&#8221;default&#8221;][et_pb_text _builder_version=&#8221;4.7.7&#8243; _module_preset=&#8221;default&#8221; text_font_size=&#8221;28px&#8221; inline_fonts=&#8221;Abhaya Libre&#8221;]<\/p>\n<p style=\"text-align: center;\"><u>KERT-ARC-K\u00c9P\u00a0<\/u><\/p>\n<p style=\"text-align: center;\">Magyar Fest\u00e9szet Napja, 2018.<\/p>\n<p>[\/et_pb_text][et_pb_gallery gallery_ids=&#8221;1056,1055,1057,1058&#8243; fullwidth=&#8221;on&#8221; _builder_version=&#8221;4.7.7&#8243; _module_preset=&#8221;default&#8221; custom_padding=&#8221;|105px||105px||true&#8221;][\/et_pb_gallery][et_pb_text _builder_version=&#8221;4.7.7&#8243; _module_preset=&#8221;default&#8221; inline_fonts=&#8221;Abhaya Libre&#8221;]<\/p>\n<p style=\"text-align: justify;\"><span style=\"font-family: 'Abhaya Libre'; font-weight: normal;\">A Magyar Fest\u00e9szet Napja rendezv\u00e9nysorozat r\u00e9szek\u00e9nt ny\u00edlik KERT-ARC-K\u00c9P c\u00edm\u0171 k\u00f6z\u00f6s ki\u00e1ll\u00edt\u00e1sunk Borb\u00e1s-T\u00f3th Maric\u00e1val, melyben a Magyar K\u00e9pz\u0151m\u0171v\u00e9szeti Egyetemen k\u00e9sz\u00fclt diplomamunk\u00e1ink k\u00f6z\u00fcl v\u00e1logattunk. A ki\u00e1ll\u00edt\u00e1s megtekinthet\u0151 a 2018.10.19. \u00e9s 11.20. k\u00f6z\u00f6tt a Bor \u00e9s K\u00e9zm\u0171ves \u00dczlet, M\u0171hely, Gal\u00e9ri\u00e1ban. Minden \u00e9rdekl\u0151d\u0151t szeretettel v\u00e1runk a Gal\u00e9rias\u00e9t\u00e1ra is, melyet Garami Gr\u00e9ta m\u0171v\u00e9szett\u00f6rt\u00e9n\u00e9sz \u00e9s Sipos Endre m\u0171v\u00e9szetfiloz\u00f3fus vezet majd. Tov\u00e1bbi r\u00e9szletek a <a href=\"http:\/\/www.festeszetnapja.hu\/event\/galeriasetak-a-bartokon\/\" target=\"_blank\" rel=\"noopener noreferrer\"><span style=\"text-decoration: underline;\">Magyar Fest\u00e9szet Napja weboldal\u00e1n<\/span><\/a> olvashat\u00f3k. A ki\u00e1ll\u00edt\u00e1sr\u00f3l a Vas\u00e1rnapi H\u00edrek foly\u00f3iratban megjelent <a href=\"https:\/\/www.vasarnapihirek.hu\/izles\/kertek_es_arcok\" target=\"_blank\" rel=\"noopener noreferrer\"><span style=\"text-decoration: underline;\">cikk itt olvashat\u00f3.<\/span><\/a><\/span><\/p>\n<p>[\/et_pb_text][\/et_pb_column][\/et_pb_row][et_pb_row _builder_version=&#8221;4.7.7&#8243; _module_preset=&#8221;default&#8221;][et_pb_column type=&#8221;4_4&#8243; _builder_version=&#8221;4.7.7&#8243; _module_preset=&#8221;default&#8221;][et_pb_divider _builder_version=&#8221;4.7.7&#8243; _module_preset=&#8221;default&#8221;][\/et_pb_divider][\/et_pb_column][\/et_pb_row][et_pb_row _builder_version=&#8221;4.7.7&#8243; _module_preset=&#8221;default&#8221; width=&#8221;50%&#8221; width_tablet=&#8221;90%&#8221; width_phone=&#8221;&#8221; width_last_edited=&#8221;on|phone&#8221;][et_pb_column type=&#8221;4_4&#8243; _builder_version=&#8221;4.7.7&#8243; _module_preset=&#8221;default&#8221;][et_pb_text _builder_version=&#8221;4.7.7&#8243; _module_preset=&#8221;default&#8221; text_font_size=&#8221;28px&#8221; inline_fonts=&#8221;Abhaya Libre&#8221;]<\/p>\n<p style=\"text-align: center;\"><u>M\u0171terem<\/u><\/p>\n<p style=\"text-align: center;\">\u00d3buda, 2018-t\u00f3l.<\/p>\n<p>[\/et_pb_text][et_pb_gallery gallery_ids=&#8221;1083,1082&#8243; fullwidth=&#8221;on&#8221; _builder_version=&#8221;4.7.7&#8243; _module_preset=&#8221;default&#8221; custom_padding=&#8221;|17px||17px||true&#8221;][\/et_pb_gallery][et_pb_text _builder_version=&#8221;4.7.7&#8243; _module_preset=&#8221;default&#8221; inline_fonts=&#8221;Abhaya Libre&#8221;]<\/p>\n<p style=\"text-align: justify;\"><span style=\"font-family: 'Abhaya Libre'; font-weight: normal;\">Nagy \u00f6r\u00f6mmel k\u00f6lt\u00f6z\u00fcnk be \u00faj m\u0171term\u00fcnkbe \u00d3bud\u00e1n, Breszkovics Bernadettel \u00e9s Borb\u00e1s-T\u00f3th Maric\u00e1val k\u00f6z\u00f6sen.<\/span><\/p>\n<p>[\/et_pb_text][\/et_pb_column][\/et_pb_row][et_pb_row _builder_version=&#8221;4.7.7&#8243; _module_preset=&#8221;default&#8221;][et_pb_column type=&#8221;4_4&#8243; _builder_version=&#8221;4.7.7&#8243; _module_preset=&#8221;default&#8221;][et_pb_divider _builder_version=&#8221;4.7.7&#8243; _module_preset=&#8221;default&#8221;][\/et_pb_divider][\/et_pb_column][\/et_pb_row][et_pb_row _builder_version=&#8221;4.7.7&#8243; _module_preset=&#8221;default&#8221; width=&#8221;50%&#8221; width_tablet=&#8221;90%&#8221; width_phone=&#8221;&#8221; width_last_edited=&#8221;on|phone&#8221;][et_pb_column type=&#8221;4_4&#8243; _builder_version=&#8221;4.7.7&#8243; _module_preset=&#8221;default&#8221;][et_pb_text _builder_version=&#8221;4.7.7&#8243; _module_preset=&#8221;default&#8221; text_font_size=&#8221;28px&#8221; inline_fonts=&#8221;Abhaya Libre&#8221;]<\/p>\n<p style=\"text-align: center;\"><u>Diploma<\/u><\/p>\n<p style=\"text-align: center;\">Magyar K\u00e9pz\u0151m\u0171v\u00e9szeti Egyetem, Fest\u0151m\u0171v\u00e9sz szak, 2018.<\/p>\n<p>[\/et_pb_text][et_pb_gallery gallery_ids=&#8221;1064,1066,1072&#8243; fullwidth=&#8221;on&#8221; _builder_version=&#8221;4.7.7&#8243; _module_preset=&#8221;default&#8221; custom_padding=&#8221;|14px||14px||true&#8221;][\/et_pb_gallery][et_pb_text _builder_version=&#8221;4.7.7&#8243; _module_preset=&#8221;default&#8221; inline_fonts=&#8221;Abhaya Libre&#8221;]<\/p>\n<p style=\"text-align: justify;\"><span style=\"font-family: 'Abhaya Libre'; font-weight: normal;\">2018-ban diplom\u00e1ztam a Magyar K\u00e9pz\u0151m\u0171v\u00e9szeti Egyetem Fest\u0151m\u0171v\u00e9sz szak\u00e1n. Tov\u00e1bbi inform\u00e1ci\u00f3 a Diplomaki\u00e1ll\u00edt\u00e1sr\u00f3l az <a href=\"http:\/\/www.mke.hu\/node\/38114\" target=\"_blank\" rel=\"noopener noreferrer\"><span style=\"text-decoration: underline;\">MKE weboldal\u00e1n<\/span><\/a>.<\/span><\/p>\n<p>[\/et_pb_text][\/et_pb_column][\/et_pb_row][et_pb_row _builder_version=&#8221;4.7.7&#8243; _module_preset=&#8221;default&#8221;][et_pb_column type=&#8221;4_4&#8243; _builder_version=&#8221;4.7.7&#8243; _module_preset=&#8221;default&#8221;][et_pb_divider _builder_version=&#8221;4.7.7&#8243; _module_preset=&#8221;default&#8221;][\/et_pb_divider][\/et_pb_column][\/et_pb_row][et_pb_row _builder_version=&#8221;4.7.7&#8243; _module_preset=&#8221;default&#8221; width=&#8221;50%&#8221; width_tablet=&#8221;90%&#8221; width_phone=&#8221;&#8221; width_last_edited=&#8221;on|phone&#8221;][et_pb_column type=&#8221;4_4&#8243; _builder_version=&#8221;4.7.7&#8243; _module_preset=&#8221;default&#8221;][et_pb_text _builder_version=&#8221;4.7.7&#8243; _module_preset=&#8221;default&#8221; text_font_size=&#8221;28px&#8221; inline_fonts=&#8221;Abhaya Libre&#8221;]<\/p>\n<p style=\"text-align: center;\"><u>L\u00c9P\u00c9SEK<\/u><\/p>\n<p style=\"text-align: center;\">Magyar Fest\u00e9szet Napja, 2017.<\/p>\n<p>[\/et_pb_text][et_pb_gallery gallery_ids=&#8221;1075&#8243; fullwidth=&#8221;on&#8221; _builder_version=&#8221;4.7.7&#8243; _module_preset=&#8221;default&#8221; custom_padding=&#8221;|92px||92px||true&#8221;][\/et_pb_gallery][et_pb_text _builder_version=&#8221;4.7.7&#8243; _module_preset=&#8221;default&#8221;]<\/p>\n<div dir=\"auto\" style=\"text-align: justify;\">A Magyar Fest\u00e9szet Napja alkalm\u00e1b\u00f3l v\u00e1runk minden kedves l\u00e1togat\u00f3t Borb\u00e1s-T\u00f3th Maric\u00e1val k\u00f6z\u00f6s ki\u00e1ll\u00edt\u00e1sunkra a Bor \u00e9s K\u00e9zm\u0171ves \u00dczlet, M\u0171hely, Gal\u00e9ri\u00e1ba 2017. 10. 16 \u00e9s 31 k\u00f6z\u00f6tt.<\/div>\n<div dir=\"auto\" style=\"text-align: justify;\">Mit foglalhat mag\u00e1ba egy l\u00e9p\u00e9s?<\/div>\n<div dir=\"auto\" style=\"text-align: justify;\">Nek\u00fcnk egy \u00e9v, inspir\u00e1ci\u00f3, k\u00eds\u00e9rletez\u00e9s, \u00fatkeres\u00e9s, folytat\u00e1s, hangulatok \u00e9s \u00e9rz\u00e9sek, term\u00e9szet, f\u00e9nyek, sz\u00ednek \u00e9s form\u00e1k, fest\u00e9k \u00e9s v\u00e1szon.<\/div>\n<p>[\/et_pb_text][\/et_pb_column][\/et_pb_row][et_pb_row _builder_version=&#8221;4.7.7&#8243; _module_preset=&#8221;default&#8221;][et_pb_column type=&#8221;4_4&#8243; _builder_version=&#8221;4.7.7&#8243; _module_preset=&#8221;default&#8221;][et_pb_divider _builder_version=&#8221;4.7.7&#8243; _module_preset=&#8221;default&#8221;][\/et_pb_divider][\/et_pb_column][\/et_pb_row][et_pb_row _builder_version=&#8221;4.7.7&#8243; _module_preset=&#8221;default&#8221; width=&#8221;50%&#8221; width_tablet=&#8221;90%&#8221; width_phone=&#8221;&#8221; width_last_edited=&#8221;on|phone&#8221;][et_pb_column type=&#8221;4_4&#8243; _builder_version=&#8221;4.7.7&#8243; _module_preset=&#8221;default&#8221;][et_pb_text _builder_version=&#8221;4.7.7&#8243; _module_preset=&#8221;default&#8221; text_font_size=&#8221;28px&#8221; inline_fonts=&#8221;Abhaya Libre&#8221;]<\/p>\n<p style=\"text-align: center;\"><u>\u00daTON<\/u><\/p>\n<p style=\"text-align: center;\">Magyar Fest\u00e9szet Napja, 2016.<\/p>\n<p>[\/et_pb_text][et_pb_gallery gallery_ids=&#8221;1100&#8243; fullwidth=&#8221;on&#8221; _builder_version=&#8221;4.7.7&#8243; _module_preset=&#8221;default&#8221; custom_padding=&#8221;|99px||99px||true&#8221;][\/et_pb_gallery][et_pb_text _builder_version=&#8221;4.7.7&#8243; _module_preset=&#8221;default&#8221; inline_fonts=&#8221;Abhaya Libre&#8221;]<\/p>\n<p style=\"text-align: justify;\"><span style=\"font-family: 'Abhaya Libre'; font-weight: normal;\">A Magyar Fest\u00e9szet Napja rendezv\u00e9nysorozat keretein bel\u00fcl szeretettel megh\u00edvjuk \u00daton c\u00edm\u0171, Borb\u00e1s-T\u00f3th Maric\u00e1val k\u00f6z\u00f6s ki\u00e1ll\u00edt\u00e1sunkra, mely az Erasmus \u00d6szt\u00f6nd\u00edj id\u0151szaka alatt k\u00e9sz\u00fclt munk\u00e1inkb\u00f3l v\u00e1logat. A ki\u00e1ll\u00edt\u00e1s megtekinthet\u0151 2016. 10. 14- 11. 02-ig a Bor \u00e9s K\u00e9zm\u0171ves \u00dczlet, M\u0171hely, Gal\u00e9ri\u00e1ban.\u00a0<\/span><\/p>\n<p>[\/et_pb_text][\/et_pb_column][\/et_pb_row][et_pb_row _builder_version=&#8221;4.7.7&#8243; _module_preset=&#8221;default&#8221;][et_pb_column type=&#8221;4_4&#8243; _builder_version=&#8221;4.7.7&#8243; _module_preset=&#8221;default&#8221;][et_pb_divider _builder_version=&#8221;4.7.7&#8243; _module_preset=&#8221;default&#8221;][\/et_pb_divider][\/et_pb_column][\/et_pb_row][et_pb_row _builder_version=&#8221;4.7.7&#8243; _module_preset=&#8221;default&#8221; width=&#8221;50%&#8221; width_tablet=&#8221;90%&#8221; width_phone=&#8221;&#8221; width_last_edited=&#8221;on|phone&#8221;][et_pb_column type=&#8221;4_4&#8243; _builder_version=&#8221;4.7.7&#8243; _module_preset=&#8221;default&#8221;][et_pb_text _builder_version=&#8221;4.7.7&#8243; _module_preset=&#8221;default&#8221; text_font_size=&#8221;28px&#8221; inline_fonts=&#8221;Abhaya Libre&#8221;]<\/p>\n<p style=\"text-align: center;\"><u>ERASMUS \u00d6szt\u00f6nd\u00edj<\/u><\/p>\n<p style=\"text-align: center;\">Accademia di Belle Arti di Macerata<\/p>\n<p>[\/et_pb_text][et_pb_gallery gallery_ids=&#8221;1091&#8243; fullwidth=&#8221;on&#8221; _builder_version=&#8221;4.7.7&#8243; _module_preset=&#8221;default&#8221; custom_padding=&#8221;|81px||81px||true&#8221;][\/et_pb_gallery][et_pb_text _builder_version=&#8221;4.7.7&#8243; _module_preset=&#8221;default&#8221; inline_fonts=&#8221;Abhaya Libre&#8221;]<\/p>\n<p style=\"text-align: justify;\"><span style=\"font-family: 'Abhaya Libre'; font-weight: normal;\">2016-ban fantasztikus szemesztert t\u00f6lthettem Erasmus \u00d6szt\u00f6nd\u00edjjal Olaszorsz\u00e1gban, az Accademia di Belle Arti di Macerata-n.<\/span><\/p>\n<p>[\/et_pb_text][\/et_pb_column][\/et_pb_row][et_pb_row _builder_version=&#8221;4.7.7&#8243; _module_preset=&#8221;default&#8221;][et_pb_column type=&#8221;4_4&#8243; _builder_version=&#8221;4.7.7&#8243; _module_preset=&#8221;default&#8221;][et_pb_divider _builder_version=&#8221;4.7.7&#8243; _module_preset=&#8221;default&#8221;][\/et_pb_divider][\/et_pb_column][\/et_pb_row][et_pb_row _builder_version=&#8221;4.7.7&#8243; _module_preset=&#8221;default&#8221; width=&#8221;50%&#8221; width_tablet=&#8221;90%&#8221; width_phone=&#8221;&#8221; width_last_edited=&#8221;on|phone&#8221;][et_pb_column type=&#8221;4_4&#8243; _builder_version=&#8221;4.7.7&#8243; _module_preset=&#8221;default&#8221;][et_pb_text _builder_version=&#8221;4.7.7&#8243; _module_preset=&#8221;default&#8221; text_font_size=&#8221;28px&#8221; inline_fonts=&#8221;Abhaya Libre&#8221;]<\/p>\n<p style=\"text-align: center;\"><u>Inspir\u00e1ci\u00f3k\u00a0<\/u><\/p>\n<p style=\"text-align: center;\">BBB Eleven \u0150sz Fesztiv\u00e1l, 2015.<\/p>\n<p>[\/et_pb_text][et_pb_gallery gallery_ids=&#8221;1107,1108&#8243; fullwidth=&#8221;on&#8221; _builder_version=&#8221;4.7.7&#8243; _module_preset=&#8221;default&#8221; custom_padding=&#8221;|89px||89px||true&#8221;][\/et_pb_gallery][et_pb_text _builder_version=&#8221;4.7.7&#8243; _module_preset=&#8221;default&#8221; inline_fonts=&#8221;Abhaya Libre&#8221;]<\/p>\n<p style=\"text-align: justify;\"><span style=\"font-family: 'Abhaya Libre'; font-weight: normal;\">2015 \u0151sz\u00e9n megrendez\u00e9sre ker\u00fclt a BBB Eleven \u0150sz Fesztiv\u00e1l, melyben sz\u00e1mos m\u0171v\u00e9sz azt a feladatot kapta, hogy r\u00e9gen leselejtezett t\u00e1rgyakat keltsen \u00faj \u00e9letre, ruh\u00e1zza fel \u00faj jelent\u00e9ssel. Borb\u00e1s-T\u00f3th Maric\u00e1val erre tett\u00fcnk k\u00eds\u00e9rletet, zenei inspir\u00e1ci\u00f3k alapj\u00e1n.\u00a0<\/span><\/p>\n<p>[\/et_pb_text][\/et_pb_column][\/et_pb_row][et_pb_row _builder_version=&#8221;4.7.7&#8243; _module_preset=&#8221;default&#8221;][et_pb_column type=&#8221;4_4&#8243; _builder_version=&#8221;4.7.7&#8243; _module_preset=&#8221;default&#8221;][et_pb_divider _builder_version=&#8221;4.7.7&#8243; _module_preset=&#8221;default&#8221;][\/et_pb_divider][\/et_pb_column][\/et_pb_row][et_pb_row _builder_version=&#8221;4.7.7&#8243; _module_preset=&#8221;default&#8221; width=&#8221;50%&#8221; width_tablet=&#8221;90%&#8221; width_phone=&#8221;&#8221; width_last_edited=&#8221;on|phone&#8221;][et_pb_column type=&#8221;4_4&#8243; _builder_version=&#8221;4.7.7&#8243; _module_preset=&#8221;default&#8221;][et_pb_text _builder_version=&#8221;4.7.7&#8243; _module_preset=&#8221;default&#8221; text_font_size=&#8221;28px&#8221; inline_fonts=&#8221;Abhaya Libre&#8221;]<\/p>\n<p style=\"text-align: center;\"><u>Apr\u00f3 \u00d3ri\u00e1sok<\/u><\/p>\n<p style=\"text-align: center;\">BBB Eleven Tavasz Fesztiv\u00e1l, 2015.<\/p>\n<p>[\/et_pb_text][et_pb_gallery gallery_ids=&#8221;158,159&#8243; fullwidth=&#8221;on&#8221; _builder_version=&#8221;4.7.7&#8243; _module_preset=&#8221;default&#8221; custom_padding=&#8221;|182px||182px||true&#8221;][\/et_pb_gallery][et_pb_text _builder_version=&#8221;4.7.7&#8243; _module_preset=&#8221;default&#8221; inline_fonts=&#8221;Abhaya Libre&#8221;]<\/p>\n<p style=\"text-align: justify;\"><span style=\"font-family: 'Abhaya Libre';\">Apr\u00f3 \u00d3ri\u00e1sok c\u00edm\u0171, Borb\u00e1s-T\u00f3th Maric\u00e1val k\u00f6z\u00f6s install\u00e1ci\u00f3nk term\u00e9szetv\u00e9delmi t\u00e9m\u00e1val kapcsol\u00f3dik az idei BBB Eleven \u0150sz Fesztiv\u00e1lhoz. A m\u00e9hek rohamos pusztul\u00e1s\u00e1ra h\u00edvjuk fel a figyelmet ezzel a 2&#215;3 m\u00e9teres install\u00e1ci\u00f3val a Bart\u00f3k B\u00e9la \u00faton.<\/span><\/p>\n<p>[\/et_pb_text][\/et_pb_column][\/et_pb_row][\/et_pb_section]<\/p>\n","protected":false},"excerpt":{"rendered":"<p>Sebezhet\u0151s\u00e9gi Gyakorlatok t\u00e1rlatvezet\u00e9s F\u0170Z art group, 1111 Gal\u00e9ria, 2022. janu\u00e1r\u00a0 Sebezhet\u0151s\u00e9gi Gyakorlatok A F\u0170Z art group bemutatkoz\u00f3 ki\u00e1ll\u00edt\u00e1sa, 1111 Gal\u00e9ria, 2022. janu\u00e1r 7-22. F\u0170Z art group Felfedez\u0151k 4.0 t\u00e1rlatvezet\u00e9s Budapest Art Mentor, 2021. november &nbsp; Felfedez\u0151k 4.0 Budapest Art Mentor, 2021.09.29. &#8211; 11.30. Felfedez\u0151k 4.0, a Budapest Art Mentor Program 2020\/21-es \u00e9vfolyam\u00e1nak z\u00e1r\u00f3 ki\u00e1ll\u00edt\u00e1sa. Megtekinthet\u0151 [&hellip;]<\/p>\n","protected":false},"author":1,"featured_media":0,"parent":0,"menu_order":0,"comment_status":"closed","ping_status":"closed","template":"","meta":{"_et_pb_use_builder":"on","_et_pb_old_content":"","_et_gb_content_width":"","footnotes":""},"class_list":["post-223","page","type-page","status-publish","hentry"],"_links":{"self":[{"href":"https:\/\/tothannamariarita.com\/en\/wp-json\/wp\/v2\/pages\/223","targetHints":{"allow":["GET"]}}],"collection":[{"href":"https:\/\/tothannamariarita.com\/en\/wp-json\/wp\/v2\/pages"}],"about":[{"href":"https:\/\/tothannamariarita.com\/en\/wp-json\/wp\/v2\/types\/page"}],"author":[{"embeddable":true,"href":"https:\/\/tothannamariarita.com\/en\/wp-json\/wp\/v2\/users\/1"}],"replies":[{"embeddable":true,"href":"https:\/\/tothannamariarita.com\/en\/wp-json\/wp\/v2\/comments?post=223"}],"version-history":[{"count":174,"href":"https:\/\/tothannamariarita.com\/en\/wp-json\/wp\/v2\/pages\/223\/revisions"}],"predecessor-version":[{"id":1670,"href":"https:\/\/tothannamariarita.com\/en\/wp-json\/wp\/v2\/pages\/223\/revisions\/1670"}],"wp:attachment":[{"href":"https:\/\/tothannamariarita.com\/en\/wp-json\/wp\/v2\/media?parent=223"}],"curies":[{"name":"wp","href":"https:\/\/api.w.org\/{rel}","templated":true}]}}