{"id":197,"date":"2021-01-09T12:29:46","date_gmt":"2021-01-09T12:29:46","guid":{"rendered":"https:\/\/tothannamariarita.com\/?page_id=197"},"modified":"2024-12-28T22:43:50","modified_gmt":"2024-12-28T22:43:50","slug":"cv","status":"publish","type":"page","link":"https:\/\/tothannamariarita.com\/en\/cv\/","title":{"rendered":"CV"},"content":{"rendered":"<p>[et_pb_section fb_built=&#8221;1&#8243; _builder_version=&#8221;4.16&#8243; _module_preset=&#8221;default&#8221; custom_padding=&#8221;101px|||||&#8221; global_colors_info=&#8221;{}&#8221;][et_pb_row column_structure=&#8221;1_2,1_2&#8243; _builder_version=&#8221;4.16&#8243; _module_preset=&#8221;default&#8221; width=&#8221;90%&#8221; max_width=&#8221;1518px&#8221; custom_margin=&#8221;-64px|auto||auto||&#8221; global_colors_info=&#8221;{}&#8221;][et_pb_column type=&#8221;1_2&#8243; _builder_version=&#8221;4.16&#8243; _module_preset=&#8221;default&#8221; global_colors_info=&#8221;{}&#8221;][et_pb_text content_tablet=&#8221;<\/p>\n<h4><span style=%22text-decoration: underline;%22>T\u00f3th Annam\u00e1ria Rita<\/span><\/h4>\n<h4><span style=%22text-decoration: underline;%22>Fest\u0151m\u0171v\u00e9sz<\/span><\/h4>\n<p>1990.06.09. Budapest<\/p>\n<\/p>\n<h4><u>Tanulm\u00e1nyok <\/u><\/h4>\n<p>2020-2021:      Budapest Art Mentor<\/p>\n<p>2019-2020:      Magyar K\u00e9pz\u0151m\u0171v\u00e9szeti Egyetem, M\u0171v\u00e9sztan\u00e1r szak<\/p>\n<p>2013-2018:      Magyar K\u00e9pz\u0151m\u0171v\u00e9szeti Egyetem, Fest\u0151m\u0171v\u00e9sz szak<\/p>\n<p>                             Mesterek: K\u00e1rolyi Zsigmond, Filp Csaba, K\u00f3sa J\u00e1nos, Nemere R\u00e9ka<\/p>\n<p>2010-2013:      Rajzk\u00f6r\u00f6k: Egri Erzs\u00e9bet, Csord\u00e1s Zolt\u00e1n<\/p>\n<p>&#8221; content_phone=&#8221;<\/p>\n<h4><span style=%22text-decoration: underline;%22>T\u00f3th Annam\u00e1ria Rita<\/span><\/h4>\n<h4><span style=%22text-decoration: underline;%22>Fest\u0151m\u0171v\u00e9sz<\/span><\/h4>\n<p>1990.06.09. Budapest<\/p>\n<\/p>\n<h4><u>Tanulm\u00e1nyok <\/u><\/h4>\n<p>2020-2021:<\/p>\n<p>Budapest Art Mentor<\/p>\n<p>2019-2020:<\/p>\n<p>Magyar K\u00e9pz\u0151m\u0171v\u00e9szeti Egyetem, M\u0171v\u00e9sztan\u00e1r szak<\/p>\n<p>2013-2018:<\/p>\n<p>Magyar K\u00e9pz\u0151m\u0171v\u00e9szeti Egyetem, Fest\u0151m\u0171v\u00e9sz szak<\/p>\n<p>Mesterek: K\u00e1rolyi Zsigmond, Filp Csaba, K\u00f3sa J\u00e1nos, Nemere R\u00e9ka<\/p>\n<p>2010-2013:<\/p>\n<p>Rajzk\u00f6r\u00f6k: Egri Erzs\u00e9bet, Csord\u00e1s Zolt\u00e1n<\/p>\n<p>&#8221; content_last_edited=&#8221;on|phone&#8221; _builder_version=&#8221;4.16&#8243; _module_preset=&#8221;default&#8221; global_colors_info=&#8221;{}&#8221;]<\/p>\n<h4><span style=\"text-decoration: underline;\">T\u00f3th Annam\u00e1ria Rita<\/span><\/h4>\n<h4><span style=\"text-decoration: underline;\">Fest\u0151m\u0171v\u00e9sz<\/span><\/h4>\n<p>\u00a01990.06.09. Budapest<\/p>\n<p>&nbsp;<\/p>\n<h4><u>Tanulm\u00e1nyok <\/u><\/h4>\n<p>2020-2021:\u00a0 \u00a0 \u00a0 Budapest Art Mentor<\/p>\n<p>2019-2020:\u00a0 \u00a0 \u00a0 Magyar K\u00e9pz\u0151m\u0171v\u00e9szeti Egyetem, M\u0171v\u00e9sztan\u00e1r szak<\/p>\n<p>2013-2018:\u00a0 \u00a0 \u00a0 Magyar K\u00e9pz\u0151m\u0171v\u00e9szeti Egyetem, Fest\u0151m\u0171v\u00e9sz szak<\/p>\n<p style=\"padding-left: 120px;\">Mesterek: K\u00e1rolyi Zsigmond, Filp Csaba<\/p>\n<p style=\"padding-left: 120px;\">K\u00f3sa J\u00e1nos, Nemere R\u00e9ka<\/p>\n<p>2010-2013:\u00a0 \u00a0 \u00a0 Rajzk\u00f6r\u00f6k: Egri Erzs\u00e9bet, Csord\u00e1s Zolt\u00e1n<\/p>\n<p>[\/et_pb_text][\/et_pb_column][et_pb_column type=&#8221;1_2&#8243; _builder_version=&#8221;4.16&#8243; _module_preset=&#8221;default&#8221; global_colors_info=&#8221;{}&#8221;][et_pb_image src=&#8221;https:\/\/tothannamariarita.com\/wp-content\/uploads\/2021\/01\/Dia3.jpg&#8221; title_text=&#8221;Dia3&#8243; _builder_version=&#8221;4.16&#8243; _module_preset=&#8221;default&#8221; custom_margin_tablet=&#8221;&#8221; custom_margin_phone=&#8221;0px||0px||true|false&#8221; custom_margin_last_edited=&#8221;on|phone&#8221; global_colors_info=&#8221;{}&#8221;][\/et_pb_image][\/et_pb_column][\/et_pb_row][et_pb_row column_structure=&#8221;1_2,1_2&#8243; _builder_version=&#8221;4.16&#8243; _module_preset=&#8221;default&#8221; width=&#8221;90%&#8221; max_width=&#8221;1518px&#8221; custom_margin=&#8221;|auto|41px|auto||&#8221; custom_padding=&#8221;48px||1px|||&#8221; global_colors_info=&#8221;{}&#8221;][et_pb_column type=&#8221;1_2&#8243; _builder_version=&#8221;4.16&#8243; _module_preset=&#8221;default&#8221; global_colors_info=&#8221;{}&#8221;][et_pb_text content_tablet=&#8221;<\/p>\n<h4><u>D\u00edjak<\/u><\/h4>\n<p>2018.      Barcsay-d\u00edj<\/p>\n<p>2017.      Nemzeti Fels\u0151oktat\u00e1si \u00d6szt\u00f6nd\u00edj (K\u00f6zt\u00e1rsas\u00e1gi \u00d6szt\u00f6nd\u00edj)<\/p>\n<p>2016.      Erasmus \u00f6szt\u00f6nd\u00edj, Accademia di Belle Arti di Macerata<\/p>\n<p>2013.      Semmelweis Egyetem ETK m\u0171v\u00e9szeti p\u00e1ly\u00e1zata, II. helyez\u00e9s<\/p>\n<\/p>\n<h4><span style=%22text-decoration: underline;%22>Tags\u00e1gok<\/span><\/h4>\n<p>2020.      Budapest Art Mentor<\/p>\n<p>2018.      MAOE<\/p>\n<p>&#8221; content_phone=&#8221;<\/p>\n<h4><u>D\u00edjak<\/u><\/h4>\n<p>2018.<\/p>\n<p>Barcsay-d\u00edj<\/p>\n<p>2017.<\/p>\n<p>Nemzeti Fels\u0151oktat\u00e1si \u00d6szt\u00f6nd\u00edj (K\u00f6zt\u00e1rsas\u00e1gi \u00d6szt\u00f6nd\u00edj)<\/p>\n<p>2016.<\/p>\n<p>Erasmus \u00f6szt\u00f6nd\u00edj, Accademia di Belle Arti di Macerata<\/p>\n<p>2013.<\/p>\n<p>Semmelweis Egyetem ETK m\u0171v\u00e9szeti p\u00e1ly\u00e1zata, II. helyez\u00e9s<\/p>\n<\/p>\n<h4><span style=%22text-decoration: underline;%22>Tags\u00e1gok<\/span><\/h4>\n<p>2020.<\/p>\n<p>Budapest Art Mentor<\/p>\n<p>2018.<\/p>\n<p>MAOE<\/p>\n<p>&#8221; content_last_edited=&#8221;on|tablet&#8221; _builder_version=&#8221;4.27.0&#8243; _module_preset=&#8221;default&#8221; hover_enabled=&#8221;0&#8243; global_colors_info=&#8221;{}&#8221; sticky_enabled=&#8221;0&#8243;]<\/p>\n<h4><u style=\"font-size: 26px;\">D\u00edjak<\/u><u><\/u><\/h4>\n<p>2018.\u00a0 \u00a0 \u00a0 Barcsay-d\u00edj<\/p>\n<p>2017.\u00a0 \u00a0 \u00a0 Nemzeti Fels\u0151oktat\u00e1si \u00d6szt\u00f6nd\u00edj (K\u00f6zt\u00e1rsas\u00e1gi \u00d6szt\u00f6nd\u00edj)<\/p>\n<p>2016.\u00a0 \u00a0 \u00a0 Erasmus \u00f6szt\u00f6nd\u00edj, Accademia di Belle Arti di Macerata<\/p>\n<p>2013.\u00a0 \u00a0 \u00a0 Semmelweis Egyetem ETK m\u0171v\u00e9szeti p\u00e1ly\u00e1zata, II. helyez\u00e9s<\/p>\n<p>&nbsp;<\/p>\n<h4><span style=\"text-decoration: underline;\">Tags\u00e1gok<\/span><\/h4>\n<p>2023.\u00a0 \u00a0 \u00a0 Magyar Fest\u0151k T\u00e1rsas\u00e1ga<\/p>\n<p>2021.\u00a0 \u00a0 \u00a0 \u00a0F\u0170Z art group<\/p>\n<p>2020.\u00a0 \u00a0 \u00a0 Budapest Art Mentor<\/p>\n<p>2018.\u00a0 \u00a0 \u00a0 MAOE<\/p>\n<p>&nbsp;<\/p>\n<h4><span style=\"text-decoration: underline;\">M\u0171vek gy\u0171jtem\u00e9nyben<\/span><\/h4>\n<p>2024.\u00a0 \u00a0 \u00a0MOM Kultur\u00e1lis K\u00f6zpont, Hegyvid\u00e9k Gal\u00e9ria<\/p>\n<p>2023.\u00a0 \u00a0 \u00a0AELA Gy\u0171jtem\u00e9ny<\/p>\n<p>\u00a0 \u00a0 \u00a0 \u00a0 \u00a0 \u00a0 \u00a0 \u00a0Dunaszerdahelyi Kort\u00e1rs Magyar Gal\u00e9ria<\/p>\n<p>&nbsp;<\/p>\n<p>[\/et_pb_text][\/et_pb_column][et_pb_column type=&#8221;1_2&#8243; _builder_version=&#8221;4.16&#8243; _module_preset=&#8221;default&#8221; global_colors_info=&#8221;{}&#8221;][et_pb_image src=&#8221;https:\/\/tothannamariarita.com\/wp-content\/uploads\/2021\/01\/DSC_0241-scaled.jpg&#8221; title_text=&#8221;DSC_0241&#8243; _builder_version=&#8221;4.16&#8243; _module_preset=&#8221;default&#8221; custom_margin_tablet=&#8221;&#8221; custom_margin_phone=&#8221;0px||10px||false|false&#8221; custom_margin_last_edited=&#8221;on|phone&#8221; global_colors_info=&#8221;{}&#8221;][\/et_pb_image][\/et_pb_column][\/et_pb_row][et_pb_row column_structure=&#8221;1_2,1_2&#8243; _builder_version=&#8221;4.16&#8243; _module_preset=&#8221;default&#8221; width=&#8221;90%&#8221; max_width=&#8221;1518px&#8221; custom_margin=&#8221;|auto|27px|auto||&#8221; custom_padding=&#8221;3px||0px|||&#8221; global_colors_info=&#8221;{}&#8221;][et_pb_column type=&#8221;1_2&#8243; _builder_version=&#8221;4.16&#8243; _module_preset=&#8221;default&#8221; global_colors_info=&#8221;{}&#8221;][et_pb_text content_tablet=&#8221;<\/p>\n<h4><span style=%22text-decoration: underline;%22><\/span><\/h4>\n<\/p>\n<h4><span style=%22text-decoration: underline;%22>Egy\u00e9ni ki\u00e1ll\u00edt\u00e1sok<\/span><\/h4>\n<p>2020.<\/p>\n<p>Terek h\u00e1l\u00f3zata, BBB Eleven \u0150sz fesztiv\u00e1l, 1 M\u0171v\u00e9sz 1 Porta, Bor \u00e9s K\u00e9zm\u0171ves Gal\u00e9ria, Budapest<span> <\/span><\/p>\n<p>2019.<\/p>\n<p>C\u00e9drus \u2013 Hommage \u00e1 Csontv\u00e1ry, Borb\u00e1s-T\u00f3th Maric\u00e1val \u00e9s Breszkovics Bernadettel, Magyar Fest\u00e9szet Napja, Bor \u00e9s K\u00e9zm\u0171ves Gal\u00e9ria, Budapest<span> <\/span><\/p>\n<p>2018.<\/p>\n<p>Kert-arc-k\u00e9p, Borb\u00e1s-T\u00f3th Maric\u00e1val, Magyar Fest\u00e9szet Napja, Bor \u00e9s K\u00e9zm\u0171ves Gal\u00e9ria, Budapest<span> <\/span><\/p>\n<p>2017.<\/p>\n<p>L\u00e9p\u00e9sek, Borb\u00e1s-T\u00f3th Maric\u00e1val, Magyar Fest\u00e9szet Napja, Bor \u00e9s K\u00e9zm\u0171ves Gal\u00e9ria, Budapest<span> <\/span><\/p>\n<p>2016.<\/p>\n<p>\u00daton, Borb\u00e1s-T\u00f3th Maric\u00e1val, Magyar Fest\u00e9szet Napja, Bor \u00e9s K\u00e9zm\u0171ves Gal\u00e9ria, Budapest<span> <\/span><\/p>\n<p>2015.<\/p>\n<p>Apr\u00f3 \u00d3ri\u00e1sok, BBB Eleven Tavasz, 1 M\u0171v\u00e9sz 1 Porta, Budapest<\/p>\n<p>Inspir\u00e1ci\u00f3k, Borb\u00e1s-T\u00f3th Maric\u00e1val, BBB Eleven \u0150sz, 1 M\u0171v\u00e9sz 1 Porta, Bor \u00e9s K\u00e9zm\u0171ves Gal\u00e9ria, Budapest<\/p>\n<\/p>\n<p>&#8221; content_phone=&#8221;<\/p>\n<h4><span style=%22text-decoration: underline;%22><\/span><\/h4>\n<\/p>\n<h4><span style=%22text-decoration: underline;%22>Egy\u00e9ni ki\u00e1ll\u00edt\u00e1sok<\/span><\/h4>\n<p>2020.<\/p>\n<p>Terek h\u00e1l\u00f3zata, BBB Eleven \u0150sz fesztiv\u00e1l, 1 M\u0171v\u00e9sz 1 Porta, <span style=%22font-size: 20px;%22>Bor \u00e9s K\u00e9zm\u0171ves Gal\u00e9ria, Budapest<\/span><span style=%22font-size: 20px;%22> <\/span><span style=%22font-size: 20px;%22> <\/span><\/p>\n<p>2019.<\/p>\n<p>C\u00e9drus \u2013 Hommage \u00e1 Csontv\u00e1ry, Borb\u00e1s-T\u00f3th Maric\u00e1val \u00e9s<span style=%22font-size: 20px;%22> Breszkovics Bernadettel, Magyar Fest\u00e9szet Napja, <\/span><span style=%22font-size: 20px;%22>Bor \u00e9s K\u00e9zm\u0171ves Gal\u00e9ria, Budapest<\/span><span style=%22font-size: 20px;%22> <\/span><span style=%22font-size: 20px;%22> <\/span><\/p>\n<p>2018.<\/p>\n<p>Kert-arc-k\u00e9p, Borb\u00e1s-T\u00f3th Maric\u00e1val, <span style=%22font-size: 20px;%22>Magyar Fest\u00e9szet Napja, Bor \u00e9s K\u00e9zm\u0171ves Gal\u00e9ria, Budapest<\/span><span style=%22font-size: 20px;%22> <\/span><span style=%22font-size: 20px;%22> <\/span><\/p>\n<p>2017.<\/p>\n<p>L\u00e9p\u00e9sek, Borb\u00e1s-T\u00f3th Maric\u00e1val, Magyar Fest\u00e9szet Napja, Bor \u00e9s K\u00e9zm\u0171ves Gal\u00e9ria, Budapest<span style=%22font-size: 20px;%22> <\/span><span style=%22font-size: 20px;%22> <\/span><\/p>\n<p>2016.<\/p>\n<p>\u00daton, Borb\u00e1s-T\u00f3th Maric\u00e1val, Magyar Fest\u00e9szet Napja, Bor \u00e9s K\u00e9zm\u0171ves Gal\u00e9ria, Budapest<span style=%22font-size: 20px;%22> <\/span><span style=%22font-size: 20px;%22> <\/span><\/p>\n<p>2015.<\/p>\n<p>Apr\u00f3 \u00d3ri\u00e1sok, BBB Eleven Tavasz, 1 M\u0171v\u00e9sz 1 Porta, Budapest<\/p>\n<p>Inspir\u00e1ci\u00f3k, Borb\u00e1s-T\u00f3th Maric\u00e1val, BBB Eleven \u0150sz, 1 M\u0171v\u00e9sz 1 Porta, Bor \u00e9s K\u00e9zm\u0171ves Gal\u00e9ria, Budapest<\/p>\n<\/p>\n<p>&#8221; content_last_edited=&#8221;on|tablet&#8221; _builder_version=&#8221;4.27.0&#8243; _module_preset=&#8221;default&#8221; custom_margin=&#8221;|-72px||||&#8221; global_colors_info=&#8221;{}&#8221;]<\/p>\n<h4><span style=\"text-decoration: underline;\"><\/span><\/h4>\n<h4><span style=\"text-decoration: underline;\">V\u00e1logatott egy\u00e9ni ki\u00e1ll\u00edt\u00e1sok<\/span><\/h4>\n<ol start=\"2024\">\n<li>\u00a0 \u00a0 Hajl\u00edtott \u00e9rz\u00e9kel\u00e9sek, Borb\u00e1s-T\u00f3th Maric\u00e1val, Bor \u00e9s K\u00e9zm\u0171ves, Bp.<\/li>\n<\/ol>\n<p>2021.\u00a0 \u00a0 \u00a0 Forg\u00e1s, BBB Eleven Tavasz, 1 M\u0171v\u00e9sz 1 Porta, Bor \u00e9s K\u00e9zm\u0171ves Gal\u00e9ria, Budapest<\/p>\n<p>2020.\u00a0 \u00a0 \u00a0Terek h\u00e1l\u00f3zata, BBB Eleven \u0150sz fesztiv\u00e1l, 1 M\u0171v\u00e9sz 1 Porta, Bor \u00e9s K\u00e9zm\u0171ves Gal\u00e9ria, Bp.<span style=\"font-size: 20px;\">\u00a0<\/span><\/p>\n<p>2019.\u00a0 \u00a0 \u00a0C\u00e9drus \u2013 Hommage \u00e1 Csontv\u00e1ry, Borb\u00e1s-T\u00f3th Maric\u00e1val \u00e9s Breszkovics Bernadettel,\u00a0 \u00a0 \u00a0 \u00a0 \u00a0 \u00a0 \u00a0 \u00a0 \u00a0 \u00a0 \u00a0 \u00a0 \u00a0 \u00a0 Magyar Fest\u00e9szet Napja, Bor \u00e9s K\u00e9zm\u0171ves Gal\u00e9ria, Budapest<span style=\"font-size: 20px;\">\u00a0<\/span><\/p>\n<p>2018.\u00a0 \u00a0 \u00a0Kert-arc-k\u00e9p,\u00a0 Borb\u00e1s-T\u00f3th Maric\u00e1val, Magyar Fest\u00e9szet Napja, Bor \u00e9s K\u00e9zm\u0171ves Gal\u00e9ria,\u00a0 \u00a0 \u00a0 \u00a0 \u00a0 \u00a0 \u00a0 \u00a0 \u00a0 \u00a0 Budapest<span style=\"font-size: 20px;\">\u00a0<\/span><\/p>\n<p>2017.\u00a0 \u00a0 \u00a0\u00a0L\u00e9p\u00e9sek, Borb\u00e1s-T\u00f3th Maric\u00e1val, Magyar Fest\u00e9szet Napja, Bor \u00e9s K\u00e9zm\u0171ves Gal\u00e9ria, Bp.<\/p>\n<p>2016.\u00a0 \u00a0 \u00a0\u00a0\u00daton, Borb\u00e1s-T\u00f3th Maric\u00e1val, Magyar Fest\u00e9szet Napja, Bor \u00e9s K\u00e9zm\u0171ves Gal\u00e9ria, Bp.<span style=\"font-size: 20px;\">\u00a0<\/span><\/p>\n<p>2015.\u00a0 \u00a0 \u00a0 Apr\u00f3 \u00d3ri\u00e1sok, BBB Eleven Tavasz, 1 M\u0171v\u00e9sz 1 Porta, Budapest<\/p>\n<p>\u00a0 \u00a0 \u00a0 \u00a0 \u00a0 \u00a0 \u00a0 \u00a0 Inspir\u00e1ci\u00f3k, Borb\u00e1s-T\u00f3th Maric\u00e1val, BBB Eleven \u0150sz, 1 M\u0171v\u00e9sz 1 Porta, Bor \u00e9s K\u00e9zm\u0171ves\u00a0 \u00a0 \u00a0 \u00a0 \u00a0 \u00a0 \u00a0 \u00a0 \u00a0 \u00a0 Gal\u00e9ria, Budapest<\/p>\n<p>&nbsp;<\/p>\n<p>[\/et_pb_text][\/et_pb_column][et_pb_column type=&#8221;1_2&#8243; _builder_version=&#8221;4.16&#8243; _module_preset=&#8221;default&#8221; global_colors_info=&#8221;{}&#8221;][et_pb_image src=&#8221;https:\/\/tothannamariarita.com\/wp-content\/uploads\/2021\/01\/DSC_0263-scaled.jpg&#8221; title_text=&#8221;DSC_0263&#8243; _builder_version=&#8221;4.16&#8243; _module_preset=&#8221;default&#8221; custom_margin=&#8221;119px|||||&#8221; custom_margin_tablet=&#8221;0px||||false|false&#8221; custom_margin_phone=&#8221;0px||10px||false|false&#8221; custom_margin_last_edited=&#8221;on|tablet&#8221; custom_padding_tablet=&#8221;&#8221; custom_padding_phone=&#8221;&#8221; custom_padding_last_edited=&#8221;on|phone&#8221; global_colors_info=&#8221;{}&#8221;][\/et_pb_image][\/et_pb_column][\/et_pb_row][et_pb_row column_structure=&#8221;1_2,1_2&#8243; _builder_version=&#8221;4.16&#8243; _module_preset=&#8221;default&#8221; width=&#8221;90%&#8221; max_width=&#8221;1518px&#8221; custom_margin=&#8221;-9px|auto||auto||&#8221; custom_padding=&#8221;4px|||||&#8221; global_colors_info=&#8221;{}&#8221;][et_pb_column type=&#8221;1_2&#8243; _builder_version=&#8221;4.16&#8243; _module_preset=&#8221;default&#8221; global_colors_info=&#8221;{}&#8221;][et_pb_text content_tablet=&#8221;<\/p>\n<h4><span style=%22text-decoration: underline;%22>Csoportos ki\u00e1ll\u00edt\u00e1sok<\/span><\/h4>\n<p>2020.<\/p>\n<p>Resident Art Fair 2020, A.P.A. Gal\u00e9ria, Budapest<\/p>\n<p>H\u00e1rom Kir\u00e1lyfi J\u00f3t\u00e9konys\u00e1gi Aukci\u00f3, Pint\u00e9r Aukci\u00f3sh\u00e1z, Budapest<\/p>\n<p>XVIII. Szegedi T\u00e1blak\u00e9pfest\u00e9szeti Bienn\u00e1l\u00e9, RE\u00d6K, Szeged<\/p>\n<p>Pinka pARTvonal M\u0171v\u00e9sztelep ki\u00e1ll\u00edt\u00e1sa, Pinkamindszent<span> <\/span><\/p>\n<p>2019.<\/p>\n<p>Dimenzi\u00f3k, MAOE, RE\u00d6K Region\u00e1lis \u00d6sszm\u0171v\u00e9szeti K\u00f6zpont, Szeged<\/p>\n<p>Id\u0151\/K\u00e9p Fiatal m\u0171v\u00e9szek tavaszi t\u00e1rlata, MANK Gal\u00e9ria, Szentendre<\/p>\n<p>Barcsay-d\u00edj 2018., a d\u00edjazottak ki\u00e1ll\u00edt\u00e1sa, MANK Gal\u00e9ria, Szentendre<span> <\/span><\/p>\n<p>2018.<\/p>\n<p>Diploma, Fest\u0151m\u0171v\u00e9sz szak, Magyar K\u00e9pz\u0151m\u0171v\u00e9szeti Egyetem, Bp.<\/p>\n<p>Fundamenta Amadeus alkot\u00f3i\/kisalkot\u00f3i \u00f6szt\u00f6nd\u00edj p\u00e1ly\u00e1zat, MKE, Bp.<span> <\/span><\/p>\n<p>2017.<\/p>\n<p>M\u0171v\u00e9sztelepi ki\u00e1ll\u00edt\u00e1s, Csongr\u00e1d Gal\u00e9ria, Csongr\u00e1d<\/p>\n<p>Fundamenta Amadeus alkot\u00f3i\/kisalkot\u00f3i \u00f6szt\u00f6nd\u00edj p\u00e1ly\u00e1zat, MKE, Bp.<\/p>\n<p>\u00c9v v\u00e9gi ki\u00e1ll\u00edt\u00e1s, Magyar K\u00e9pz\u0151m\u0171v\u00e9szeti Egyetem, Budapest<span> <\/span><\/p>\n<p>2016.<\/p>\n<p>Art Market Budapest, MKE stand, Budapest<\/p>\n<p>M\u0171v\u00e9sztelepi ki\u00e1ll\u00edt\u00e1s, Csongr\u00e1d Gal\u00e9ria, Csongr\u00e1d<span> <\/span><\/p>\n<p>2015.<\/p>\n<p>M\u0171v\u00e9sztelepi ki\u00e1ll\u00edt\u00e1s, Tari L\u00e1szl\u00f3 M\u00fazeum, Csongr\u00e1d<\/p>\n<p>\u00c9v v\u00e9gi ki\u00e1ll\u00edt\u00e1s, Magyar K\u00e9pz\u0151m\u0171v\u00e9szeti Egyetem, Budapest<\/p>\n<p>BBB Eleven Tavasz, 1 M\u0171v\u00e9sz 1 Porta Install\u00e1ci\u00f3, Budapest<\/p>\n<p>BBB Eleven \u0150sz, 1 M\u0171v\u00e9sz 1 Porta Install\u00e1ci\u00f3, Budapest<\/p>\n<p>Barcsay p\u00e1ly\u00e1zat ki\u00e1ll\u00edt\u00e1s, Magyar K\u00e9pz\u0151m\u0171v\u00e9szeti Egyetem, Budapest<\/p>\n<p>Barcsay Iskola ki\u00e1ll\u00edt\u00e1s, FUGA, Budapest<span> <\/span><\/p>\n<p>2014.<\/p>\n<p>M\u0171v\u00e9sztelepi ki\u00e1ll\u00edt\u00e1s, Csongr\u00e1d Gal\u00e9ria, Csongr\u00e1d<\/p>\n<p>\u00c9v v\u00e9gi ki\u00e1ll\u00edt\u00e1s, Magyar K\u00e9pz\u0151m\u0171v\u00e9szeti Egyetem, Budapest<\/p>\n<p>&#8221; content_phone=&#8221;<\/p>\n<h4><span style=%22text-decoration: underline;%22>Csoportos ki\u00e1ll\u00edt\u00e1sok<\/span><\/h4>\n<p>2020.<\/p>\n<p>Resident Art Fair 2020, A.P.A. Gal\u00e9ria, Bp<\/p>\n<p><span style=%22font-size: 20px;%22>H\u00e1rom Kir\u00e1lyfi J\u00f3t\u00e9konys\u00e1gi Aukci\u00f3, Pint\u00e9r Aukci\u00f3sh\u00e1z, Budapest<\/span><\/p>\n<p><span style=%22font-size: 20px;%22> XVIII. Szegedi T\u00e1blak\u00e9pfest\u00e9szeti Bienn\u00e1l\u00e9, RE\u00d6K, Szeged<\/span><span style=%22font-size: 20px;%22> <\/span><\/p>\n<p><span style=%22font-size: 20px;%22>Pinka pARTvonal M\u0171v\u00e9sztelep ki\u00e1ll\u00edt\u00e1sa, Pinkamindszent<\/span><span style=%22font-size: 20px;%22> <\/span><\/p>\n<p>2019.<\/p>\n<p>Dimenzi\u00f3k, MAOE, RE\u00d6K, Szeged<\/p>\n<p><span style=%22font-size: 20px;%22>Id\u0151\/K\u00e9p Fiatal m\u0171v\u00e9szek tavaszi t\u00e1rlata, MANK Gal\u00e9ria, Szentendre <\/span><\/p>\n<p><span style=%22font-size: 20px;%22>Barcsay-d\u00edj 2018., a d\u00edjazottak ki\u00e1ll\u00edt\u00e1sa, MANK Gal\u00e9ria, Szentendre<\/span><span style=%22font-size: 20px;%22> <\/span><\/p>\n<p>2018.<\/p>\n<p>Diploma, Fest\u0151m\u0171v\u00e9sz szak, Magyar K\u00e9pz\u0151m\u0171v\u00e9szeti Egyetem,Budapest<span style=%22font-size: 20px;%22> <\/span><\/p>\n<p><span style=%22font-size: 20px;%22>Fundamenta Amadeus alkot\u00f3i\/ kisalkot\u00f3i \u00f6szt\u00f6nd\u00edj, MKE, Budapest<\/span><\/p>\n<p>2017.<\/p>\n<p>M\u0171v\u00e9sztelepi ki\u00e1ll\u00edt\u00e1s, Csongr\u00e1d Gal\u00e9ria, Csongr\u00e1d<span style=%22font-size: 20px;%22> <\/span><\/p>\n<p><span style=%22font-size: 20px;%22>Fundamenta Amadeus alkot\u00f3i\/ kisalkot\u00f3i \u00f6szt\u00f6nd\u00edj, MKE, Budapest<\/span><span style=%22font-size: 20px;%22> <\/span><\/p>\n<p><span style=%22font-size: 20px;%22>\u00c9v v\u00e9gi ki\u00e1ll\u00edt\u00e1s, MKE, Budapest<\/span><span style=%22font-size: 20px;%22> <\/span><\/p>\n<p>2016.<\/p>\n<p>Art Market Budapest, MKE stand, Budapest<\/p>\n<p><span style=%22font-size: 20px;%22> M\u0171v\u00e9sztelepi ki\u00e1ll\u00edt\u00e1s, Csongr\u00e1d Gal\u00e9ria, Csongr\u00e1d<\/span><span style=%22font-size: 20px;%22> <\/span><\/p>\n<p>2015.<\/p>\n<p>M\u0171v\u00e9sztelepi ki\u00e1ll\u00edt\u00e1s, Tari L\u00e1szl\u00f3 M\u00fazeum, Csongr\u00e1d<\/p>\n<p><span style=%22font-size: 20px;%22> \u00c9v v\u00e9gi ki\u00e1ll\u00edt\u00e1s, MKE, Budapest<\/span><span style=%22font-size: 20px;%22> <\/span><\/p>\n<p><span style=%22font-size: 20px;%22>BBB Eleven Tavasz, 1 M\u0171v\u00e9sz 1 Porta Install\u00e1ci\u00f3, Budapest <\/span><\/p>\n<p><span style=%22font-size: 20px;%22> BBB Eleven \u0150sz, 1 M\u0171v\u00e9sz 1 Porta Install\u00e1ci\u00f3, Budapest <\/span><\/p>\n<p><span style=%22font-size: 20px;%22> Barcsay p\u00e1ly\u00e1zat ki\u00e1ll\u00edt\u00e1s, Magyar K\u00e9pz\u0151m\u0171v\u00e9szeti Egyetem, Budapest <\/span><\/p>\n<p><span style=%22font-size: 20px;%22>Barcsay Iskola ki\u00e1ll\u00edt\u00e1s, FUGA, Bp.<\/span><\/p>\n<p>2014.<\/p>\n<p>M\u0171v\u00e9sztelepi ki\u00e1ll\u00edt\u00e1s, Csongr\u00e1d Gal\u00e9ria, Csongr\u00e1d<\/p>\n<p><span style=%22font-size: 20px;%22> \u00c9v v\u00e9gi ki\u00e1ll\u00edt\u00e1s, Magyar K\u00e9pz\u0151m\u0171v\u00e9szeti Egyetem, Budapest<\/span><\/p>\n<p>&#8221; content_last_edited=&#8221;on|tablet&#8221; _builder_version=&#8221;4.27.0&#8243; _module_preset=&#8221;default&#8221; custom_margin=&#8221;|-43px||||&#8221; custom_margin_tablet=&#8221;|0px|||false|false&#8221; custom_margin_phone=&#8221;|0px|||false|false&#8221; custom_margin_last_edited=&#8221;on|tablet&#8221; hover_enabled=&#8221;0&#8243; global_colors_info=&#8221;{}&#8221; sticky_enabled=&#8221;0&#8243;]<\/p>\n<h4><span style=\"text-decoration: underline;\">V\u00e1logatott csoportos ki\u00e1ll\u00edt\u00e1sok<\/span><\/h4>\n<p>2024.\u00a0 \u00a0 Kert. Az \u00e9let lehet\u0151s\u00e9ge., Hungarian Art and Business, Budapest<\/p>\n<p>\u00a0 \u00a0 \u00a0 \u00a0 \u00a0 \u00a0 \u00a0 \u00a0Friss Hangok, Magyar Fest\u0151k T\u00e1rsas\u00e1ga, \u00dajpesti Gal\u00e9ria, Budapest\u00a0\u00a0<\/p>\n<p>\u00a0 \u00a0 \u00a0 \u00a0 \u00a0 \u00a0 \u00a0 \u00a0XXV. Hegyvid\u00e9ki Nemzetk\u00f6zi M\u0171v\u00e9sztelep, Hegyvid\u00e9k Gal\u00e9ria, Budapest<\/p>\n<p>\u00a0 \u00a0 \u00a0 \u00a0 \u00a0 \u00a0 \u00a0 \u00a0Z\u00f6ld\u00f6vezet, Magyar Fest\u0151k T\u00e1rsas\u00e1ga, Klebesberg, Budapest<\/p>\n<p>\u00a0 \u00a0 \u00a0 \u00a0 \u00a0 \u00a0 \u00a0 Reflexi\u00f3k, Magyar Fest\u0151k T\u00e1rsas\u00e1ga, Heraklion V\u00e1rosi Gal\u00e9ria, Kr\u00e9ta<\/p>\n<p>\u00a0 \u00a0 \u00a0 \u00a0 \u00a0 \u00a0 \u00a0 \u00a0Csorba Horizont &#8211; Pinkamindszenti m\u0171v\u00e9sztelep, Bart\u00f3k1 Gal\u00e9ria, Bp.<\/p>\n<ol start=\"2023\">\n<li>\u00a0 \u00a0F\u00e9l\u00e1rny\u00e9k, F\u0170Z art group, Faur Zs\u00f3fi Gal\u00e9ria, Panel Contemp., Bp<\/li>\n<\/ol>\n<p>\u00a0 \u00a0 \u00a0 \u00a0 \u00a0 \u00a0 \u00a0 \u00a0Bens\u0151 Emigr\u00e1ci\u00f3, MAM\u0170 Gal\u00e9ria, Budapest<\/p>\n<p>\u00a0 \u00a0 \u00a0 \u00a0 \u00a0 \u00a0 \u00a0 \u00a0XXI. Dunaszerdahelyi M\u0171v\u00e9sztelep, Kort\u00e1rs Magyar Gal\u00e9ria, Dunasz.<\/p>\n<ol start=\"2022\">\n<li>\u00a0 \u00a0K\u00e9rdezted m\u00e1r a halat.., F\u0170Z art group, V\u00edziv\u00e1rosi Gal\u00e9ria, Budapest<\/li>\n<\/ol>\n<p>\u00a0 \u00a0 \u00a0 \u00a0 \u00a0 \u00a0 \u00a0 \u00a0 Sebezhet\u0151s\u00e9gi Gyakorlatok, F\u0170Z art group, 1111 Gal\u00e9ria, Budapest<\/p>\n<p>2022.\u00a0 \u00a0 \u00a0 Sebezhet\u0151s\u00e9gi Gyakorlatok, F\u0170Z art group, 1111 Gal\u00e9ria, Budapest<\/p>\n<p>2021.\u00a0 \u00a0 \u00a0 Felfedez\u0151k 4.0, Budapest Art Mentor, K\u00e9pez\u0151, Budapest<\/p>\n<p>\u00a0 \u00a0 \u00a0 \u00a0 \u00a0 \u00a0 \u00a0 \u00a0 Gener\u00e1ci\u00f3k, V\u00edziv\u00e1rosi Gal\u00e9ria, Budapest<\/p>\n<p>\u00a0 \u00a0 \u00a0 \u00a0 \u00a0 \u00a0 \u00a0 \u00a0 K\u00f6z\u00f6s-T\u00e9r-K\u00e9p, BBB Eleven \u0150sz, 1 m\u0171v\u00e9sz 1 porta, Budapest<\/p>\n<p>\u00a0 \u00a0 \u00a0 \u00a0 \u00a0 \u00a0 \u00a0 \u00a0 Horizont, MAOE, RE\u00d6K<\/p>\n<p>2020.\u00a0 \u00a0 \u00a0 Resident Art Fair 2020, A.P.A. Gal\u00e9ria, Budapest<\/p>\n<p>\u00a0 \u00a0 \u00a0 \u00a0 \u00a0 \u00a0 \u00a0 \u00a0 \u00a0H\u00e1rom Kir\u00e1lyfi J\u00f3t\u00e9konys\u00e1gi Aukci\u00f3, Pint\u00e9r Aukci\u00f3sh\u00e1z, Budapest<\/p>\n<p>\u00a0 \u00a0 \u00a0 \u00a0 \u00a0 \u00a0 \u00a0 \u00a0 \u00a0XVIII. Szegedi T\u00e1blak\u00e9pfest\u00e9szeti Bienn\u00e1l\u00e9, RE\u00d6K, Szeged<\/p>\n<p>\u00a0 \u00a0 \u00a0 \u00a0 \u00a0 \u00a0 \u00a0 \u00a0 \u00a0Pinka pARTvonal M\u0171v\u00e9sztelep ki\u00e1ll\u00edt\u00e1sa, Pinkamindszent<span style=\"font-size: 20px;\">\u00a0<\/span><\/p>\n<p>2019.\u00a0 \u00a0 \u00a0Dimenzi\u00f3k, MAOE, RE\u00d6K Region\u00e1lis \u00d6sszm\u0171v\u00e9szeti Kp, Szeged<\/p>\n<p>\u00a0 \u00a0 \u00a0 \u00a0 \u00a0 \u00a0 \u00a0 \u00a0 Id\u0151\/K\u00e9p Fiatal m\u0171v\u00e9szek tavaszi t\u00e1rlata, MANK Gal\u00e9ria, Szentendre<\/p>\n<p>\u00a0 \u00a0 \u00a0 \u00a0 \u00a0 \u00a0 \u00a0 \u00a0 Barcsay-d\u00edj 2018., a d\u00edjazottak ki\u00e1ll\u00edt\u00e1sa, MANK Gal\u00e9ria, Szentendre<span style=\"font-size: 20px;\">\u00a0<\/span><\/p>\n<p>2018.\u00a0 \u00a0 \u00a0 Diploma, Fest\u0151m\u0171v\u00e9sz szak, Magyar K\u00e9pz\u0151m\u0171v\u00e9szeti Egyetem, Bp.<\/p>\n<p>\u00a0 \u00a0 \u00a0 \u00a0 \u00a0 \u00a0 \u00a0 \u00a0 Fundamenta Amadeus alkot\u00f3i \u00f6szt\u00f6nd\u00edj p\u00e1ly\u00e1zat, MKE, Bp.<span style=\"font-size: 20px;\">\u00a0<\/span><\/p>\n<p>2017.\u00a0 \u00a0 \u00a0 M\u0171v\u00e9sztelepi ki\u00e1ll\u00edt\u00e1s, Csongr\u00e1d Gal\u00e9ria, Csongr\u00e1d<\/p>\n<p>\u00a0 \u00a0 \u00a0 \u00a0 \u00a0 \u00a0 \u00a0 \u00a0 Fundamenta Amadeus alkot\u00f3i \u00f6szt\u00f6nd\u00edj p\u00e1ly\u00e1zat, MKE, Bp.<\/p>\n<p>\u00a0 \u00a0 \u00a0 \u00a0 \u00a0 \u00a0 \u00a0 \u00a0 \u00c9v v\u00e9gi ki\u00e1ll\u00edt\u00e1s, Magyar K\u00e9pz\u0151m\u0171v\u00e9szeti Egyetem, Budapest<span style=\"font-size: 20px;\">\u00a0<\/span><\/p>\n<p>2016.\u00a0 \u00a0 \u00a0 Art Market Budapest, MKE stand, Budapest<\/p>\n<p>\u00a0 \u00a0 \u00a0 \u00a0 \u00a0 \u00a0 \u00a0 \u00a0 M\u0171v\u00e9sztelepi ki\u00e1ll\u00edt\u00e1s, Csongr\u00e1d Gal\u00e9ria, Csongr\u00e1d<span style=\"font-size: 20px;\">\u00a0<\/span><\/p>\n<p>2015.\u00a0 \u00a0 \u00a0\u00a0M\u0171v\u00e9sztelepi ki\u00e1ll\u00edt\u00e1s, Tari L\u00e1szl\u00f3 M\u00fazeum, Csongr\u00e1d<\/p>\n<p>\u00a0 \u00a0 \u00a0 \u00a0 \u00a0 \u00a0 \u00a0 \u00a0 \u00c9v v\u00e9gi ki\u00e1ll\u00edt\u00e1s, Magyar K\u00e9pz\u0151m\u0171v\u00e9szeti Egyetem, Budapest<\/p>\n<p>\u00a0 \u00a0 \u00a0 \u00a0 \u00a0 \u00a0 \u00a0 \u00a0 Barcsay p\u00e1ly\u00e1zat ki\u00e1ll\u00edt\u00e1s, Magyar K\u00e9pz\u0151m\u0171v\u00e9szeti Egyetem, Bp.<\/p>\n<p>\u00a0 \u00a0 \u00a0 \u00a0 \u00a0 \u00a0 \u00a0 \u00a0 Barcsay Iskola ki\u00e1ll\u00edt\u00e1s, FUGA, Budapest<span style=\"font-size: 20px;\">\u00a0<\/span><\/p>\n<p>2014.\u00a0 \u00a0 \u00a0M\u0171v\u00e9sztelepi ki\u00e1ll\u00edt\u00e1s, Csongr\u00e1d Gal\u00e9ria, Csongr\u00e1d<\/p>\n<p>\u00a0 \u00a0 \u00a0 \u00a0 \u00a0 \u00a0 \u00a0 \u00a0\u00c9v v\u00e9gi ki\u00e1ll\u00edt\u00e1s, Magyar K\u00e9pz\u0151m\u0171v\u00e9szeti Egyetem, Budapest<\/p>\n<p>[\/et_pb_text][et_pb_text _builder_version=&#8221;4.27.0&#8243; _module_preset=&#8221;default&#8221; hover_enabled=&#8221;0&#8243; sticky_enabled=&#8221;0&#8243;]<\/p>\n<h4><span style=\"text-decoration: underline;\">Publik\u00e1ci\u00f3k<\/span><\/h4>\n<ol start=\"2023\">\n<li>\u00a0 Fazakas R\u00e9ka: A bens\u0151 emigr\u00e1ci\u00f3 lehets\u00e9ges \u00fatjai, <a href=\"https:\/\/orszagut.com\/kepzomuveszet\/a-benso-emigracio-lehetseges-utjai-5293?fbclid=IwAR0QsIaiUn6WdVSpLeQOTYjwT6wmEOttmG8k7zmnxBUYiuVq4L3dMWpet4I_aem_AfCEcYqFtnaYV0ez_GXcholvBjrRoPHPLECNiwtrEmBA3HIOTJNOp6iPf6jKFlqNCjY\">Orsz\u00e1g\u00fat<\/a><\/li>\n<\/ol>\n<p>\u00a0 \u00a0 \u00a0 \u00a0 \u00a0 \u00a0 \u00a0 \u00a0Fekete Szilvia: F\u00e9l\u00e1rny\u00e9kban \u00e9les f\u00e9ny, <a href=\"https:\/\/www.es.hu\/cikk\/2023-01-20\/fekete-szilvia\/felarnyekban-eles-feny.html\">\u00c9let \u00e9s Irodalom<\/a><\/p>\n<ol start=\"2022\">\n<li>\u00a0 V\u00e9kony D\u00e9lia: Sebezhet\u0151s\u00e9gi gyakorlatok, <a href=\"https:\/\/www.ujmuveszet.hu\/2022\/01\/sebezhetosegi-gyakorlatok\/?fbclid=IwAR3bxuAsM-SwWajXro8zBVx1p6XObn0DDXPoJHn4pBqrSeEzNYz5qSOp1cU\">\u00dajM\u0171v\u00e9szet<\/a><a href=\"https:\/\/www.ujmuveszet.hu\/2022\/01\/sebezhetosegi-gyakorlatok\/?fbclid=IwAR3bxuAsM-SwWajXro8zBVx1p6XObn0DDXPoJHn4pBqrSeEzNYz5qSOp1cU\"> online<\/a><\/li>\n<\/ol>\n<p>\u00a0 \u00a0 \u00a0 \u00a0 \u00a0 \u00a0 \u00a0 Szak\u00e1cs Emese B\u00edborka: A sebezhet\u0151s\u00e9g alleg\u00f3ri\u00e1i, <a href=\"https:\/\/www.prae.hu\/news\/40382-a-sebezhetoseg-allegoriai\/?fbclid=IwAR0cP592le_nZkZjKplWB_jtPPfUVxM1VZQ0ihg9jXFjLfMSMjMuIsToTrk\">prae.hu<\/a><\/p>\n<p>[\/et_pb_text][\/et_pb_column][et_pb_column type=&#8221;1_2&#8243; _builder_version=&#8221;4.16&#8243; _module_preset=&#8221;default&#8221; global_colors_info=&#8221;{}&#8221;][et_pb_image src=&#8221;https:\/\/tothannamariarita.com\/wp-content\/uploads\/2021\/01\/IMG_20181214_181133_876-scaled.jpg&#8221; title_text=&#8221;IMG_20181214_181133_876&#8243; _builder_version=&#8221;4.16&#8243; _module_preset=&#8221;default&#8221; custom_margin_tablet=&#8221;&#8221; custom_margin_phone=&#8221;&#8221; custom_margin_last_edited=&#8221;on|phone&#8221; global_colors_info=&#8221;{}&#8221;][\/et_pb_image][et_pb_image src=&#8221;https:\/\/tothannamariarita.com\/wp-content\/uploads\/2021\/01\/DSC_0234-scaled.jpg&#8221; title_text=&#8221;DSC_0234&#8243; _builder_version=&#8221;4.16&#8243; _module_preset=&#8221;default&#8221; global_colors_info=&#8221;{}&#8221;][\/et_pb_image][\/et_pb_column][\/et_pb_row][\/et_pb_section]<\/p>\n","protected":false},"excerpt":{"rendered":"<p>T\u00f3th Annam\u00e1ria Rita Fest\u0151m\u0171v\u00e9sz \u00a01990.06.09. Budapest &nbsp; Tanulm\u00e1nyok 2020-2021:\u00a0 \u00a0 \u00a0 Budapest Art Mentor 2019-2020:\u00a0 \u00a0 \u00a0 Magyar K\u00e9pz\u0151m\u0171v\u00e9szeti Egyetem, M\u0171v\u00e9sztan\u00e1r szak 2013-2018:\u00a0 \u00a0 \u00a0 Magyar K\u00e9pz\u0151m\u0171v\u00e9szeti Egyetem, Fest\u0151m\u0171v\u00e9sz szak Mesterek: K\u00e1rolyi Zsigmond, Filp Csaba K\u00f3sa J\u00e1nos, Nemere R\u00e9ka 2010-2013:\u00a0 \u00a0 \u00a0 Rajzk\u00f6r\u00f6k: Egri Erzs\u00e9bet, Csord\u00e1s Zolt\u00e1nD\u00edjak 2018.\u00a0 \u00a0 \u00a0 Barcsay-d\u00edj 2017.\u00a0 \u00a0 \u00a0 Nemzeti [&hellip;]<\/p>\n","protected":false},"author":1,"featured_media":0,"parent":0,"menu_order":0,"comment_status":"closed","ping_status":"closed","template":"","meta":{"_et_pb_use_builder":"on","_et_pb_old_content":"","_et_gb_content_width":"","footnotes":""},"class_list":["post-197","page","type-page","status-publish","hentry"],"_links":{"self":[{"href":"https:\/\/tothannamariarita.com\/en\/wp-json\/wp\/v2\/pages\/197","targetHints":{"allow":["GET"]}}],"collection":[{"href":"https:\/\/tothannamariarita.com\/en\/wp-json\/wp\/v2\/pages"}],"about":[{"href":"https:\/\/tothannamariarita.com\/en\/wp-json\/wp\/v2\/types\/page"}],"author":[{"embeddable":true,"href":"https:\/\/tothannamariarita.com\/en\/wp-json\/wp\/v2\/users\/1"}],"replies":[{"embeddable":true,"href":"https:\/\/tothannamariarita.com\/en\/wp-json\/wp\/v2\/comments?post=197"}],"version-history":[{"count":74,"href":"https:\/\/tothannamariarita.com\/en\/wp-json\/wp\/v2\/pages\/197\/revisions"}],"predecessor-version":[{"id":1694,"href":"https:\/\/tothannamariarita.com\/en\/wp-json\/wp\/v2\/pages\/197\/revisions\/1694"}],"wp:attachment":[{"href":"https:\/\/tothannamariarita.com\/en\/wp-json\/wp\/v2\/media?parent=197"}],"curies":[{"name":"wp","href":"https:\/\/api.w.org\/{rel}","templated":true}]}}